{"id":3404,"date":"2023-06-26T05:38:20","date_gmt":"2023-06-26T05:38:20","guid":{"rendered":"https:\/\/www.franquiciescat.org\/notes_de_societat\/requiem-per-un-gegant\/"},"modified":"2023-07-19T06:08:44","modified_gmt":"2023-07-19T06:08:44","slug":"requiem-per-un-gegant","status":"publish","type":"notes_de_societat","link":"https:\/\/www.franquiciescat.org\/es\/notes_de_societat\/requiem-per-un-gegant\/","title":{"rendered":"R\u00c9QUIEM POR UN GIGANTE"},"content":{"rendered":"<p>\u00bfRecuerda el SIF de Valencia? \u00bfNo?<br \/>\nFue un basti\u00f3n desde el que la franquicia invadi\u00f3 el pa\u00eds; una feria que lleg\u00f3 a tener m\u00e1s de 400 expositores de los de verdad, con una direcci\u00f3n \u00abInmaculada\u00bb que le dio una proyecci\u00f3n insospechada y, en consecuencia, el reconocimiento de los profesionales.<br \/>\nSu \u00e9xito le trajo competencia, mucha competencia, y cambios internos en Feria Valencia propiciaron un declive que, para nada, pod\u00edamos creer definitivo. Pero&#8230;<br \/>\n\u00bfD\u00f3nde est\u00e1, ahora?<br \/>\nDesaparecida, sin \u00e1nimo de combate. Nadie da raz\u00f3n.<br \/>\n\u00bfHa llegado el momento de dedicarle un r\u00e9quiem a este gigante? Parece que s\u00ed.<\/p>\n<p>Joan Ap\u00f2leg, 1\/7\/23<\/p>\n","protected":false},"featured_media":2627,"menu_order":0,"template":"","format":"standard","meta":[],"categories":[75],"tags":[],"class_list":["post-3404","notes_de_societat","type-notes_de_societat","status-publish","format-standard","has-post-thumbnail","hentry","category-notes-de-societat-es"],"yoast_head":"<!-- This site is optimized with the Yoast SEO plugin v26.9 - https:\/\/yoast.com\/product\/yoast-seo-wordpress\/ -->\n<title>R\u00c9QUIEM POR UN GIGANTE - Asociaci\u00f3n de Franqu\u00edcias de Catalunya<\/title>\n<meta name=\"robots\" content=\"index, follow, max-snippet:-1, max-image-preview:large, max-video-preview:-1\" \/>\n<link rel=\"canonical\" href=\"https:\/\/www.franquiciescat.org\/es\/notes_de_societat\/requiem-per-un-gegant\/\" \/>\n<meta property=\"og:locale\" content=\"es_ES\" \/>\n<meta property=\"og:type\" content=\"article\" \/>\n<meta property=\"og:title\" content=\"R\u00c9QUIEM POR UN GIGANTE - Asociaci\u00f3n de Franqu\u00edcias de Catalunya\" \/>\n<meta property=\"og:description\" content=\"\u00bfRecuerda el SIF de Valencia? \u00bfNo? Fue un basti\u00f3n desde el que la franquicia invadi\u00f3 el pa\u00eds; una feria que lleg\u00f3 a tener m\u00e1s de 400 expositores de los de verdad, con una direcci\u00f3n \u00abInmaculada\u00bb que le dio una proyecci\u00f3n insospechada y, en consecuencia, el reconocimiento de los profesionales. Su \u00e9xito le trajo competencia, mucha [&hellip;]\" \/>\n<meta property=\"og:url\" content=\"https:\/\/www.franquiciescat.org\/es\/notes_de_societat\/requiem-per-un-gegant\/\" \/>\n<meta property=\"og:site_name\" content=\"Asociaci\u00f3n de Franqu\u00edcias de Catalunya\" \/>\n<meta property=\"article:modified_time\" content=\"2023-07-19T06:08:44+00:00\" \/>\n<meta property=\"og:image\" content=\"https:\/\/www.franquiciescat.org\/wp-content\/uploads\/2023\/06\/requiem-notes-afc.jpg\" \/>\n\t<meta property=\"og:image:width\" content=\"626\" \/>\n\t<meta property=\"og:image:height\" content=\"472\" \/>\n\t<meta property=\"og:image:type\" content=\"image\/jpeg\" \/>\n<meta name=\"twitter:card\" content=\"summary_large_image\" \/>\n<meta name=\"twitter:label1\" content=\"Tiempo de lectura\" \/>\n\t<meta name=\"twitter:data1\" content=\"1 minuto\" \/>\n<script type=\"application\/ld+json\" class=\"yoast-schema-graph\">{\"@context\":\"https:\/\/schema.org\",\"@graph\":[{\"@type\":\"WebPage\",\"@id\":\"https:\/\/www.franquiciescat.org\/es\/notes_de_societat\/requiem-per-un-gegant\/\",\"url\":\"https:\/\/www.franquiciescat.org\/es\/notes_de_societat\/requiem-per-un-gegant\/\",\"name\":\"R\u00c9QUIEM POR UN GIGANTE - Asociaci\u00f3n de Franqu\u00edcias de Catalunya\",\"isPartOf\":{\"@id\":\"https:\/\/www.franquiciescat.org\/#website\"},\"primaryImageOfPage\":{\"@id\":\"https:\/\/www.franquiciescat.org\/es\/notes_de_societat\/requiem-per-un-gegant\/#primaryimage\"},\"image\":{\"@id\":\"https:\/\/www.franquiciescat.org\/es\/notes_de_societat\/requiem-per-un-gegant\/#primaryimage\"},\"thumbnailUrl\":\"https:\/\/www.franquiciescat.org\/wp-content\/uploads\/2023\/06\/requiem-notes-afc.jpg\",\"datePublished\":\"2023-06-26T05:38:20+00:00\",\"dateModified\":\"2023-07-19T06:08:44+00:00\",\"breadcrumb\":{\"@id\":\"https:\/\/www.franquiciescat.org\/es\/notes_de_societat\/requiem-per-un-gegant\/#breadcrumb\"},\"inLanguage\":\"es\",\"potentialAction\":[{\"@type\":\"ReadAction\",\"target\":[\"https:\/\/www.franquiciescat.org\/es\/notes_de_societat\/requiem-per-un-gegant\/\"]}]},{\"@type\":\"ImageObject\",\"inLanguage\":\"es\",\"@id\":\"https:\/\/www.franquiciescat.org\/es\/notes_de_societat\/requiem-per-un-gegant\/#primaryimage\",\"url\":\"https:\/\/www.franquiciescat.org\/wp-content\/uploads\/2023\/06\/requiem-notes-afc.jpg\",\"contentUrl\":\"https:\/\/www.franquiciescat.org\/wp-content\/uploads\/2023\/06\/requiem-notes-afc.jpg\",\"width\":626,\"height\":472},{\"@type\":\"BreadcrumbList\",\"@id\":\"https:\/\/www.franquiciescat.org\/es\/notes_de_societat\/requiem-per-un-gegant\/#breadcrumb\",\"itemListElement\":[{\"@type\":\"ListItem\",\"position\":1,\"name\":\"Inici\",\"item\":\"https:\/\/www.franquiciescat.org\/\"},{\"@type\":\"ListItem\",\"position\":2,\"name\":\"R\u00c9QUIEM POR UN GIGANTE\"}]},{\"@type\":\"WebSite\",\"@id\":\"https:\/\/www.franquiciescat.org\/#website\",\"url\":\"https:\/\/www.franquiciescat.org\/\",\"name\":\"Associaci\u00f3 de Franqu\u00edcies de Catalunya\",\"description\":\"Asociaci\u00f3n de Franqu\u00edcias de Catalunya\",\"publisher\":{\"@id\":\"https:\/\/www.franquiciescat.org\/#organization\"},\"potentialAction\":[{\"@type\":\"SearchAction\",\"target\":{\"@type\":\"EntryPoint\",\"urlTemplate\":\"https:\/\/www.franquiciescat.org\/?s={search_term_string}\"},\"query-input\":{\"@type\":\"PropertyValueSpecification\",\"valueRequired\":true,\"valueName\":\"search_term_string\"}}],\"inLanguage\":\"es\"},{\"@type\":\"Organization\",\"@id\":\"https:\/\/www.franquiciescat.org\/#organization\",\"name\":\"Associaci\u00f3 de Franqu\u00edcies de Catalunya\",\"url\":\"https:\/\/www.franquiciescat.org\/\",\"logo\":{\"@type\":\"ImageObject\",\"inLanguage\":\"es\",\"@id\":\"https:\/\/www.franquiciescat.org\/#\/schema\/logo\/image\/\",\"url\":\"https:\/\/www.franquiciescat.org\/wp-content\/uploads\/2023\/05\/logo-afc.png\",\"contentUrl\":\"https:\/\/www.franquiciescat.org\/wp-content\/uploads\/2023\/05\/logo-afc.png\",\"width\":640,\"height\":171,\"caption\":\"Associaci\u00f3 de Franqu\u00edcies de Catalunya\"},\"image\":{\"@id\":\"https:\/\/www.franquiciescat.org\/#\/schema\/logo\/image\/\"}}]}<\/script>\n<!-- \/ Yoast SEO plugin. -->","yoast_head_json":{"title":"R\u00c9QUIEM POR UN GIGANTE - Asociaci\u00f3n de Franqu\u00edcias de Catalunya","robots":{"index":"index","follow":"follow","max-snippet":"max-snippet:-1","max-image-preview":"max-image-preview:large","max-video-preview":"max-video-preview:-1"},"canonical":"https:\/\/www.franquiciescat.org\/es\/notes_de_societat\/requiem-per-un-gegant\/","og_locale":"es_ES","og_type":"article","og_title":"R\u00c9QUIEM POR UN GIGANTE - Asociaci\u00f3n de Franqu\u00edcias de Catalunya","og_description":"\u00bfRecuerda el SIF de Valencia? \u00bfNo? Fue un basti\u00f3n desde el que la franquicia invadi\u00f3 el pa\u00eds; una feria que lleg\u00f3 a tener m\u00e1s de 400 expositores de los de verdad, con una direcci\u00f3n \u00abInmaculada\u00bb que le dio una proyecci\u00f3n insospechada y, en consecuencia, el reconocimiento de los profesionales. Su \u00e9xito le trajo competencia, mucha [&hellip;]","og_url":"https:\/\/www.franquiciescat.org\/es\/notes_de_societat\/requiem-per-un-gegant\/","og_site_name":"Asociaci\u00f3n de Franqu\u00edcias de Catalunya","article_modified_time":"2023-07-19T06:08:44+00:00","og_image":[{"width":626,"height":472,"url":"https:\/\/www.franquiciescat.org\/wp-content\/uploads\/2023\/06\/requiem-notes-afc.jpg","type":"image\/jpeg"}],"twitter_card":"summary_large_image","twitter_misc":{"Tiempo de lectura":"1 minuto"},"schema":{"@context":"https:\/\/schema.org","@graph":[{"@type":"WebPage","@id":"https:\/\/www.franquiciescat.org\/es\/notes_de_societat\/requiem-per-un-gegant\/","url":"https:\/\/www.franquiciescat.org\/es\/notes_de_societat\/requiem-per-un-gegant\/","name":"R\u00c9QUIEM POR UN GIGANTE - Asociaci\u00f3n de Franqu\u00edcias de Catalunya","isPartOf":{"@id":"https:\/\/www.franquiciescat.org\/#website"},"primaryImageOfPage":{"@id":"https:\/\/www.franquiciescat.org\/es\/notes_de_societat\/requiem-per-un-gegant\/#primaryimage"},"image":{"@id":"https:\/\/www.franquiciescat.org\/es\/notes_de_societat\/requiem-per-un-gegant\/#primaryimage"},"thumbnailUrl":"https:\/\/www.franquiciescat.org\/wp-content\/uploads\/2023\/06\/requiem-notes-afc.jpg","datePublished":"2023-06-26T05:38:20+00:00","dateModified":"2023-07-19T06:08:44+00:00","breadcrumb":{"@id":"https:\/\/www.franquiciescat.org\/es\/notes_de_societat\/requiem-per-un-gegant\/#breadcrumb"},"inLanguage":"es","potentialAction":[{"@type":"ReadAction","target":["https:\/\/www.franquiciescat.org\/es\/notes_de_societat\/requiem-per-un-gegant\/"]}]},{"@type":"ImageObject","inLanguage":"es","@id":"https:\/\/www.franquiciescat.org\/es\/notes_de_societat\/requiem-per-un-gegant\/#primaryimage","url":"https:\/\/www.franquiciescat.org\/wp-content\/uploads\/2023\/06\/requiem-notes-afc.jpg","contentUrl":"https:\/\/www.franquiciescat.org\/wp-content\/uploads\/2023\/06\/requiem-notes-afc.jpg","width":626,"height":472},{"@type":"BreadcrumbList","@id":"https:\/\/www.franquiciescat.org\/es\/notes_de_societat\/requiem-per-un-gegant\/#breadcrumb","itemListElement":[{"@type":"ListItem","position":1,"name":"Inici","item":"https:\/\/www.franquiciescat.org\/"},{"@type":"ListItem","position":2,"name":"R\u00c9QUIEM POR UN GIGANTE"}]},{"@type":"WebSite","@id":"https:\/\/www.franquiciescat.org\/#website","url":"https:\/\/www.franquiciescat.org\/","name":"Associaci\u00f3 de Franqu\u00edcies de Catalunya","description":"Asociaci\u00f3n de Franqu\u00edcias de Catalunya","publisher":{"@id":"https:\/\/www.franquiciescat.org\/#organization"},"potentialAction":[{"@type":"SearchAction","target":{"@type":"EntryPoint","urlTemplate":"https:\/\/www.franquiciescat.org\/?s={search_term_string}"},"query-input":{"@type":"PropertyValueSpecification","valueRequired":true,"valueName":"search_term_string"}}],"inLanguage":"es"},{"@type":"Organization","@id":"https:\/\/www.franquiciescat.org\/#organization","name":"Associaci\u00f3 de Franqu\u00edcies de Catalunya","url":"https:\/\/www.franquiciescat.org\/","logo":{"@type":"ImageObject","inLanguage":"es","@id":"https:\/\/www.franquiciescat.org\/#\/schema\/logo\/image\/","url":"https:\/\/www.franquiciescat.org\/wp-content\/uploads\/2023\/05\/logo-afc.png","contentUrl":"https:\/\/www.franquiciescat.org\/wp-content\/uploads\/2023\/05\/logo-afc.png","width":640,"height":171,"caption":"Associaci\u00f3 de Franqu\u00edcies de Catalunya"},"image":{"@id":"https:\/\/www.franquiciescat.org\/#\/schema\/logo\/image\/"}}]}},"_links":{"self":[{"href":"https:\/\/www.franquiciescat.org\/es\/wp-json\/wp\/v2\/notes_de_societat\/3404","targetHints":{"allow":["GET"]}}],"collection":[{"href":"https:\/\/www.franquiciescat.org\/es\/wp-json\/wp\/v2\/notes_de_societat"}],"about":[{"href":"https:\/\/www.franquiciescat.org\/es\/wp-json\/wp\/v2\/types\/notes_de_societat"}],"wp:featuredmedia":[{"embeddable":true,"href":"https:\/\/www.franquiciescat.org\/es\/wp-json\/wp\/v2\/media\/2627"}],"wp:attachment":[{"href":"https:\/\/www.franquiciescat.org\/es\/wp-json\/wp\/v2\/media?parent=3404"}],"wp:term":[{"taxonomy":"category","embeddable":true,"href":"https:\/\/www.franquiciescat.org\/es\/wp-json\/wp\/v2\/categories?post=3404"},{"taxonomy":"post_tag","embeddable":true,"href":"https:\/\/www.franquiciescat.org\/es\/wp-json\/wp\/v2\/tags?post=3404"}],"curies":[{"name":"wp","href":"https:\/\/api.w.org\/{rel}","templated":true}]}}