{"id":3038,"date":"2023-05-09T16:47:06","date_gmt":"2023-05-09T16:47:06","guid":{"rendered":"https:\/\/www.franquiciescat.org\/home\/"},"modified":"2025-07-15T07:43:52","modified_gmt":"2025-07-15T07:43:52","slug":"home","status":"publish","type":"page","link":"https:\/\/www.franquiciescat.org\/es\/","title":{"rendered":"Home"},"content":{"rendered":"\t\t<div data-elementor-type=\"wp-page\" data-elementor-id=\"3038\" class=\"elementor elementor-3038 elementor-157\" data-elementor-post-type=\"page\">\n\t\t\t\t\t\t<section class=\"elementor-section elementor-top-section elementor-element elementor-element-1f6b2da4 elementor-section-full_width elementor-section-height-full elementor-section-height-default elementor-section-items-middle\" data-id=\"1f6b2da4\" data-element_type=\"section\" data-e-type=\"section\" data-settings=\"{&quot;background_background&quot;:&quot;video&quot;,&quot;background_video_link&quot;:&quot;https:\\\/\\\/www.franquiciescat.org\\\/wp-content\\\/uploads\\\/2023\\\/05\\\/barcelona-city-afc.mp4&quot;,&quot;motion_fx_motion_fx_scrolling&quot;:&quot;yes&quot;,&quot;motion_fx_scale_effect&quot;:&quot;yes&quot;,&quot;motion_fx_scale_range&quot;:{&quot;unit&quot;:&quot;%&quot;,&quot;size&quot;:&quot;&quot;,&quot;sizes&quot;:{&quot;start&quot;:56,&quot;end&quot;:80}},&quot;background_play_on_mobile&quot;:&quot;yes&quot;,&quot;motion_fx_scale_direction&quot;:&quot;out-in&quot;,&quot;motion_fx_scale_speed&quot;:{&quot;unit&quot;:&quot;px&quot;,&quot;size&quot;:4,&quot;sizes&quot;:[]},&quot;motion_fx_devices&quot;:[&quot;desktop&quot;,&quot;tablet&quot;,&quot;mobile&quot;]}\">\n\t\t\t\t\t\t\t\t<div class=\"elementor-background-video-container\">\n\t\t\t\t\t\t\t\t\t\t\t\t\t<video class=\"elementor-background-video-hosted\" role=\"presentation\" autoplay muted playsinline loop><\/video>\n\t\t\t\t\t\t\t\t\t\t\t<\/div>\n\t\t\t\t\t\t\t\t\t<div class=\"elementor-background-overlay\"><\/div>\n\t\t\t\t\t\t\t<div class=\"elementor-container elementor-column-gap-no\">\n\t\t\t\t\t<div class=\"elementor-column elementor-col-100 elementor-top-column elementor-element elementor-element-47158055\" data-id=\"47158055\" data-element_type=\"column\" data-e-type=\"column\" data-settings=\"{&quot;background_background&quot;:&quot;slideshow&quot;,&quot;background_slideshow_gallery&quot;:[],&quot;background_slideshow_loop&quot;:&quot;yes&quot;,&quot;background_slideshow_slide_duration&quot;:5000,&quot;background_slideshow_slide_transition&quot;:&quot;fade&quot;,&quot;background_slideshow_transition_duration&quot;:500}\">\n\t\t\t<div class=\"elementor-widget-wrap elementor-element-populated\">\n\t\t\t\t\t\t<section class=\"elementor-section elementor-inner-section elementor-element elementor-element-6ce76239 elementor-section-full_width elementor-section-height-default elementor-section-height-default\" data-id=\"6ce76239\" data-element_type=\"section\" data-e-type=\"section\">\n\t\t\t\t\t\t<div class=\"elementor-container elementor-column-gap-no\">\n\t\t\t\t\t<div class=\"elementor-column elementor-col-100 elementor-inner-column elementor-element elementor-element-4f31f26d\" data-id=\"4f31f26d\" data-element_type=\"column\" data-e-type=\"column\" data-settings=\"{&quot;background_background&quot;:&quot;classic&quot;}\">\n\t\t\t<div class=\"elementor-widget-wrap elementor-element-populated\">\n\t\t\t\t\t<div class=\"elementor-background-overlay\"><\/div>\n\t\t\t\t\t\t<div class=\"elementor-element elementor-element-becaa5b elementor-widget__width-initial elementor-widget elementor-widget-text-editor\" data-id=\"becaa5b\" data-element_type=\"widget\" data-e-type=\"widget\" data-widget_type=\"text-editor.default\">\n\t\t\t\t<div class=\"elementor-widget-container\">\n\t\t\t\t\t\t\t\t\t<p>La <strong>Asociaci\u00f3n de Franquicias de Catalu\u00f1a<\/strong> es la entidad profesional que agrupa y da servicios a los <strong>franquiciadores<\/strong>, a los <strong>franquiciados<\/strong> y a los <strong>emprendedores<\/strong> interesados en el sistema de franquicias en todo el territorio catal\u00e1n.<\/p>\n\t\t\t\t\t\t\t\t<\/div>\n\t\t\t\t<\/div>\n\t\t\t\t<div class=\"elementor-element elementor-element-eed42be elementor-hidden-desktop elementor-hidden-tablet elementor-widget elementor-widget-spacer\" data-id=\"eed42be\" data-element_type=\"widget\" data-e-type=\"widget\" data-widget_type=\"spacer.default\">\n\t\t\t\t<div class=\"elementor-widget-container\">\n\t\t\t\t\t\t\t<div class=\"elementor-spacer\">\n\t\t\t<div class=\"elementor-spacer-inner\"><\/div>\n\t\t<\/div>\n\t\t\t\t\t\t<\/div>\n\t\t\t\t<\/div>\n\t\t\t\t<div class=\"elementor-element elementor-element-a216ae2 elementor-widget__width-initial elementor-absolute elementor-widget-tablet__width-initial elementor-widget-mobile__width-initial elementor-widget elementor-widget-spacer\" data-id=\"a216ae2\" data-element_type=\"widget\" data-e-type=\"widget\" data-settings=\"{&quot;_position&quot;:&quot;absolute&quot;}\" data-widget_type=\"spacer.default\">\n\t\t\t\t<div class=\"elementor-widget-container\">\n\t\t\t\t\t\t\t<div class=\"elementor-spacer\">\n\t\t\t<div class=\"elementor-spacer-inner\"><\/div>\n\t\t<\/div>\n\t\t\t\t\t\t<\/div>\n\t\t\t\t<\/div>\n\t\t\t\t\t<\/div>\n\t\t<\/div>\n\t\t\t\t\t<\/div>\n\t\t<\/section>\n\t\t\t\t\t<\/div>\n\t\t<\/div>\n\t\t\t\t\t<\/div>\n\t\t<\/section>\n\t\t\t\t<section class=\"elementor-section elementor-top-section elementor-element elementor-element-51bbf0c elementor-hidden-desktop elementor-hidden-tablet elementor-hidden-mobile elementor-section-boxed elementor-section-height-default elementor-section-height-default\" data-id=\"51bbf0c\" data-element_type=\"section\" data-e-type=\"section\">\n\t\t\t\t\t\t<div class=\"elementor-container elementor-column-gap-default\">\n\t\t\t\t\t<div class=\"elementor-column elementor-col-50 elementor-top-column elementor-element elementor-element-bc46a66\" data-id=\"bc46a66\" data-element_type=\"column\" data-e-type=\"column\" data-settings=\"{&quot;background_background&quot;:&quot;classic&quot;}\">\n\t\t\t<div class=\"elementor-widget-wrap elementor-element-populated\">\n\t\t\t\t\t<div class=\"elementor-background-overlay\"><\/div>\n\t\t\t\t\t\t<div class=\"elementor-element elementor-element-3013368 elementor-widget elementor-widget-heading\" data-id=\"3013368\" data-element_type=\"widget\" data-e-type=\"widget\" data-widget_type=\"heading.default\">\n\t\t\t\t<div class=\"elementor-widget-container\">\n\t\t\t\t\t<h2 class=\"elementor-heading-title elementor-size-default\"><a href=\"https:\/\/www.franquiciescat.org\/notes_de_societat\/requiem-per-un-gegant\/\">Notas de Sociedad<\/a><\/h2>\t\t\t\t<\/div>\n\t\t\t\t<\/div>\n\t\t\t\t<div class=\"elementor-element elementor-element-1cbec67 elementor-widget elementor-widget-heading\" data-id=\"1cbec67\" data-element_type=\"widget\" data-e-type=\"widget\" data-widget_type=\"heading.default\">\n\t\t\t\t<div class=\"elementor-widget-container\">\n\t\t\t\t\t<h2 class=\"elementor-heading-title elementor-size-default\"><a href=\"https:\/\/www.franquiciescat.org\/notes_de_societat\/requiem-per-un-gegant\/\">\"Requiem por un gigante\"<\/a><\/h2>\t\t\t\t<\/div>\n\t\t\t\t<\/div>\n\t\t\t\t\t<\/div>\n\t\t<\/div>\n\t\t\t\t<div class=\"elementor-column elementor-col-50 elementor-top-column elementor-element elementor-element-4c4318b\" data-id=\"4c4318b\" data-element_type=\"column\" data-e-type=\"column\" data-settings=\"{&quot;background_background&quot;:&quot;classic&quot;}\">\n\t\t\t<div class=\"elementor-widget-wrap elementor-element-populated\">\n\t\t\t\t\t<div class=\"elementor-background-overlay\"><\/div>\n\t\t\t\t\t\t<div class=\"elementor-element elementor-element-afa9055 elementor-widget elementor-widget-heading\" data-id=\"afa9055\" data-element_type=\"widget\" data-e-type=\"widget\" data-widget_type=\"heading.default\">\n\t\t\t\t<div class=\"elementor-widget-container\">\n\t\t\t\t\t<h2 class=\"elementor-heading-title elementor-size-default\">Subvenciones 2023<br>Convocatorias abiertas<\/h2>\t\t\t\t<\/div>\n\t\t\t\t<\/div>\n\t\t\t\t\t<\/div>\n\t\t<\/div>\n\t\t\t\t\t<\/div>\n\t\t<\/section>\n\t\t\t\t<section class=\"elementor-section elementor-top-section elementor-element elementor-element-2ee84863 elementor-section-content-middle elementor-section-boxed elementor-section-height-default elementor-section-height-default\" data-id=\"2ee84863\" data-element_type=\"section\" data-e-type=\"section\">\n\t\t\t\t\t\t<div class=\"elementor-container elementor-column-gap-no\">\n\t\t\t\t\t<div class=\"elementor-column elementor-col-50 elementor-top-column elementor-element elementor-element-30f169d0\" data-id=\"30f169d0\" data-element_type=\"column\" data-e-type=\"column\">\n\t\t\t<div class=\"elementor-widget-wrap elementor-element-populated\">\n\t\t\t\t\t\t<div class=\"elementor-element elementor-element-5b32546 elementor-widget elementor-widget-heading\" data-id=\"5b32546\" data-element_type=\"widget\" data-e-type=\"widget\" data-widget_type=\"heading.default\">\n\t\t\t\t<div class=\"elementor-widget-container\">\n\t\t\t\t\t<h6 class=\"elementor-heading-title elementor-size-default\">Servicios<\/h6>\t\t\t\t<\/div>\n\t\t\t\t<\/div>\n\t\t\t\t<div class=\"elementor-element elementor-element-2c225f37 elementor-widget elementor-widget-heading\" data-id=\"2c225f37\" data-element_type=\"widget\" data-e-type=\"widget\" data-widget_type=\"heading.default\">\n\t\t\t\t<div class=\"elementor-widget-container\">\n\t\t\t\t\t<h5 class=\"elementor-heading-title elementor-size-default\">Servicios de la asociaci\u00f3n<\/h5>\t\t\t\t<\/div>\n\t\t\t\t<\/div>\n\t\t\t\t<div class=\"elementor-element elementor-element-4937d53b elementor-widget elementor-widget-text-editor\" data-id=\"4937d53b\" data-element_type=\"widget\" data-e-type=\"widget\" data-widget_type=\"text-editor.default\">\n\t\t\t\t<div class=\"elementor-widget-container\">\n\t\t\t\t\t\t\t\t\t<p>Adem\u00e1s de la defensa de los principios deontol\u00f3gicos del sistema de franquicias, la AFC tiene entre sus finalidades la prestaci\u00f3n de servicios informativos, financieros, administrativos, comerciales, t\u00e9cnicos o de cualquier otra clase que respondan a las necesidades de sus asociados.<\/p>\n<p>Por extensi\u00f3n, tambi\u00e9n damos servicio a todos los franquiciadores de Catalu\u00f1a y sus franquiciados, independientemente de su ubicaci\u00f3n. El canal adecuado de consulta es el correo electr\u00f3nico <span style=\"color: #00ccff;\"><a style=\"color: #00ccff;\" href=\"mailto:info@franquiciescat.org\">info@franquiciescat.org<\/a><\/span>desde el que procuramos dar la mejor y m\u00e1s r\u00e1pida respuesta.<\/p>\n\t\t\t\t\t\t\t\t<\/div>\n\t\t\t\t<\/div>\n\t\t\t\t<div class=\"elementor-element elementor-element-49d322f elementor-widget__width-initial elementor-absolute elementor-widget-tablet__width-initial elementor-widget-mobile__width-initial elementor-hidden-tablet elementor-hidden-mobile elementor-widget elementor-widget-spacer\" data-id=\"49d322f\" data-element_type=\"widget\" data-e-type=\"widget\" data-settings=\"{&quot;_position&quot;:&quot;absolute&quot;}\" data-widget_type=\"spacer.default\">\n\t\t\t\t<div class=\"elementor-widget-container\">\n\t\t\t\t\t\t\t<div class=\"elementor-spacer\">\n\t\t\t<div class=\"elementor-spacer-inner\"><\/div>\n\t\t<\/div>\n\t\t\t\t\t\t<\/div>\n\t\t\t\t<\/div>\n\t\t\t\t\t<\/div>\n\t\t<\/div>\n\t\t\t\t<div class=\"elementor-column elementor-col-50 elementor-top-column elementor-element elementor-element-7c5b5de1\" data-id=\"7c5b5de1\" data-element_type=\"column\" data-e-type=\"column\">\n\t\t\t<div class=\"elementor-widget-wrap elementor-element-populated\">\n\t\t\t\t\t\t<div class=\"elementor-element elementor-element-5c94b49a elementor-widget elementor-widget-toggle\" data-id=\"5c94b49a\" data-element_type=\"widget\" data-e-type=\"widget\" data-widget_type=\"toggle.default\">\n\t\t\t\t<div class=\"elementor-widget-container\">\n\t\t\t\t\t\t\t<div class=\"elementor-toggle\">\n\t\t\t\t\t\t\t<div class=\"elementor-toggle-item\">\n\t\t\t\t\t<div id=\"elementor-tab-title-1551\" class=\"elementor-tab-title\" data-tab=\"1\" role=\"button\" aria-controls=\"elementor-tab-content-1551\" aria-expanded=\"false\">\n\t\t\t\t\t\t\t\t\t\t\t\t<span class=\"elementor-toggle-icon elementor-toggle-icon-right\" aria-hidden=\"true\">\n\t\t\t\t\t\t\t\t\t\t\t\t\t\t\t<span class=\"elementor-toggle-icon-closed\"><i class=\"fas fa-caret-right\"><\/i><\/span>\n\t\t\t\t\t\t\t\t<span class=\"elementor-toggle-icon-opened\"><i class=\"elementor-toggle-icon-opened fas fa-caret-up\"><\/i><\/span>\n\t\t\t\t\t\t\t\t\t\t\t\t\t<\/span>\n\t\t\t\t\t\t\t\t\t\t\t\t<a class=\"elementor-toggle-title\" tabindex=\"0\">Ingenier\u00eda t\u00e9cnica. Legalizaciones e instalaciones.<\/a>\n\t\t\t\t\t<\/div>\n\n\t\t\t\t\t<div id=\"elementor-tab-content-1551\" class=\"elementor-tab-content elementor-clearfix\" data-tab=\"1\" role=\"region\" aria-labelledby=\"elementor-tab-title-1551\"><h6><strong>\u00a0<\/strong><strong>PROYECTOS Y MEMORIAS DE OBRAS<\/strong><\/h6><p>Mediciones y presupuestos.<\/p><p>Direcci\u00f3n y supervisi\u00f3n obras.<\/p><p>Revisi\u00f3n y supervisi\u00f3n de proyectos de terceros.<\/p><h6><strong>PROYECTOS Y MEMORIAS AMBIENTALES<\/strong><\/h6><p>Direcci\u00f3n t\u00e9cnica en la implantaci\u00f3n de actividades.<\/p><p>Tr\u00e1mites administrativos.<\/p><p>Legalizaciones de actividades existentes.<\/p><h6><strong>ELABORACI\u00d3N DE PLANOS T\u00c9CNICOS<\/strong><\/h6><p>Propuestas y dise\u00f1os arquitect\u00f3nicos y estructurales.<\/p><p>Modelados 3D.<\/p><p>Actualizaci\u00f3n de planos existentes.<\/p><p>Certificados e informes t\u00e9cnicos.<\/p><p>\u00a0<\/p><p><strong><em>Con la experiencia del departamento de ingenier\u00eda del GRUPO MOURE.<\/em><\/strong><\/p><p><strong><em>Para saber m\u00e1s, haga <a href=\"https:\/\/www.franquiciescat.org\/wp-content\/uploads\/2025\/03\/Presentacion-Ingenieria-Moure.pdf\"><u>clic aqu\u00ed.<\/u><\/a><\/em><\/strong><\/p><\/div>\n\t\t\t\t<\/div>\n\t\t\t\t\t\t\t<div class=\"elementor-toggle-item\">\n\t\t\t\t\t<div id=\"elementor-tab-title-1552\" class=\"elementor-tab-title\" data-tab=\"2\" role=\"button\" aria-controls=\"elementor-tab-content-1552\" aria-expanded=\"false\">\n\t\t\t\t\t\t\t\t\t\t\t\t<span class=\"elementor-toggle-icon elementor-toggle-icon-right\" aria-hidden=\"true\">\n\t\t\t\t\t\t\t\t\t\t\t\t\t\t\t<span class=\"elementor-toggle-icon-closed\"><i class=\"fas fa-caret-right\"><\/i><\/span>\n\t\t\t\t\t\t\t\t<span class=\"elementor-toggle-icon-opened\"><i class=\"elementor-toggle-icon-opened fas fa-caret-up\"><\/i><\/span>\n\t\t\t\t\t\t\t\t\t\t\t\t\t<\/span>\n\t\t\t\t\t\t\t\t\t\t\t\t<a class=\"elementor-toggle-title\" tabindex=\"0\">Asesoramiento de Gesti\u00f3n <\/a>\n\t\t\t\t\t<\/div>\n\n\t\t\t\t\t<div id=\"elementor-tab-content-1552\" class=\"elementor-tab-content elementor-clearfix\" data-tab=\"2\" role=\"region\" aria-labelledby=\"elementor-tab-title-1552\"><ul><li>Creaci\u00f3n y direcci\u00f3n de franquicias<\/li><li>B\u00fasqueda de marcas para potenciales franquiciados<\/li><li>Requisitos para firmar un contracto<\/li><\/ul><\/div>\n\t\t\t\t<\/div>\n\t\t\t\t\t\t\t<div class=\"elementor-toggle-item\">\n\t\t\t\t\t<div id=\"elementor-tab-title-1553\" class=\"elementor-tab-title\" data-tab=\"3\" role=\"button\" aria-controls=\"elementor-tab-content-1553\" aria-expanded=\"false\">\n\t\t\t\t\t\t\t\t\t\t\t\t<span class=\"elementor-toggle-icon elementor-toggle-icon-right\" aria-hidden=\"true\">\n\t\t\t\t\t\t\t\t\t\t\t\t\t\t\t<span class=\"elementor-toggle-icon-closed\"><i class=\"fas fa-caret-right\"><\/i><\/span>\n\t\t\t\t\t\t\t\t<span class=\"elementor-toggle-icon-opened\"><i class=\"elementor-toggle-icon-opened fas fa-caret-up\"><\/i><\/span>\n\t\t\t\t\t\t\t\t\t\t\t\t\t<\/span>\n\t\t\t\t\t\t\t\t\t\t\t\t<a class=\"elementor-toggle-title\" tabindex=\"0\">Subvenciones<\/a>\n\t\t\t\t\t<\/div>\n\n\t\t\t\t\t<div id=\"elementor-tab-content-1553\" class=\"elementor-tab-content elementor-clearfix\" data-tab=\"3\" role=\"region\" aria-labelledby=\"elementor-tab-title-1553\"><ul><li>Informaci\u00f3n sobre conceptos y sectores subvencionables<\/li><li>Convocatorias abiertas<\/li><li>Gesti\u00f3n per a la obtenci\u00f3n de subvenciones<\/li><\/ul><\/div>\n\t\t\t\t<\/div>\n\t\t\t\t\t\t\t<div class=\"elementor-toggle-item\">\n\t\t\t\t\t<div id=\"elementor-tab-title-1554\" class=\"elementor-tab-title\" data-tab=\"4\" role=\"button\" aria-controls=\"elementor-tab-content-1554\" aria-expanded=\"false\">\n\t\t\t\t\t\t\t\t\t\t\t\t<span class=\"elementor-toggle-icon elementor-toggle-icon-right\" aria-hidden=\"true\">\n\t\t\t\t\t\t\t\t\t\t\t\t\t\t\t<span class=\"elementor-toggle-icon-closed\"><i class=\"fas fa-caret-right\"><\/i><\/span>\n\t\t\t\t\t\t\t\t<span class=\"elementor-toggle-icon-opened\"><i class=\"elementor-toggle-icon-opened fas fa-caret-up\"><\/i><\/span>\n\t\t\t\t\t\t\t\t\t\t\t\t\t<\/span>\n\t\t\t\t\t\t\t\t\t\t\t\t<a class=\"elementor-toggle-title\" tabindex=\"0\">Asesoramiento jur\u00eddico<\/a>\n\t\t\t\t\t<\/div>\n\n\t\t\t\t\t<div id=\"elementor-tab-content-1554\" class=\"elementor-tab-content elementor-clearfix\" data-tab=\"4\" role=\"region\" aria-labelledby=\"elementor-tab-title-1554\"><ul><li>Estudio de contractos<\/li><li>Consultas espec\u00edficas<\/li><li>Mediaci\u00f3n entre las partes<\/li><\/ul><\/div>\n\t\t\t\t<\/div>\n\t\t\t\t\t\t\t<div class=\"elementor-toggle-item\">\n\t\t\t\t\t<div id=\"elementor-tab-title-1555\" class=\"elementor-tab-title\" data-tab=\"5\" role=\"button\" aria-controls=\"elementor-tab-content-1555\" aria-expanded=\"false\">\n\t\t\t\t\t\t\t\t\t\t\t\t<span class=\"elementor-toggle-icon elementor-toggle-icon-right\" aria-hidden=\"true\">\n\t\t\t\t\t\t\t\t\t\t\t\t\t\t\t<span class=\"elementor-toggle-icon-closed\"><i class=\"fas fa-caret-right\"><\/i><\/span>\n\t\t\t\t\t\t\t\t<span class=\"elementor-toggle-icon-opened\"><i class=\"elementor-toggle-icon-opened fas fa-caret-up\"><\/i><\/span>\n\t\t\t\t\t\t\t\t\t\t\t\t\t<\/span>\n\t\t\t\t\t\t\t\t\t\t\t\t<a class=\"elementor-toggle-title\" tabindex=\"0\">Estad\u00edsticas<\/a>\n\t\t\t\t\t<\/div>\n\n\t\t\t\t\t<div id=\"elementor-tab-content-1555\" class=\"elementor-tab-content elementor-clearfix\" data-tab=\"5\" role=\"region\" aria-labelledby=\"elementor-tab-title-1555\"><ul><li>La franqu\u00edcia catalana en el mercado nacional<\/li><li>Proyecci\u00f3n internacional de les marcas catalanas<\/li><\/ul><\/div>\n\t\t\t\t<\/div>\n\t\t\t\t\t\t\t<div class=\"elementor-toggle-item\">\n\t\t\t\t\t<div id=\"elementor-tab-title-1556\" class=\"elementor-tab-title\" data-tab=\"6\" role=\"button\" aria-controls=\"elementor-tab-content-1556\" aria-expanded=\"false\">\n\t\t\t\t\t\t\t\t\t\t\t\t<span class=\"elementor-toggle-icon elementor-toggle-icon-right\" aria-hidden=\"true\">\n\t\t\t\t\t\t\t\t\t\t\t\t\t\t\t<span class=\"elementor-toggle-icon-closed\"><i class=\"fas fa-caret-right\"><\/i><\/span>\n\t\t\t\t\t\t\t\t<span class=\"elementor-toggle-icon-opened\"><i class=\"elementor-toggle-icon-opened fas fa-caret-up\"><\/i><\/span>\n\t\t\t\t\t\t\t\t\t\t\t\t\t<\/span>\n\t\t\t\t\t\t\t\t\t\t\t\t<a class=\"elementor-toggle-title\" tabindex=\"0\">Activitades promocionales<\/a>\n\t\t\t\t\t<\/div>\n\n\t\t\t\t\t<div id=\"elementor-tab-content-1556\" class=\"elementor-tab-content elementor-clearfix\" data-tab=\"6\" role=\"region\" aria-labelledby=\"elementor-tab-title-1556\"><ul><li>Organizaci\u00f3n y participaci\u00f3n en jornadas divulgativas<\/li><li>Soporte a los asociados en ferias y exhibiciones<\/li><li>Relaciones con las Administraciones y Entidades<\/li><\/ul><\/div>\n\t\t\t\t<\/div>\n\t\t\t\t\t\t\t<div class=\"elementor-toggle-item\">\n\t\t\t\t\t<div id=\"elementor-tab-title-1557\" class=\"elementor-tab-title\" data-tab=\"7\" role=\"button\" aria-controls=\"elementor-tab-content-1557\" aria-expanded=\"false\">\n\t\t\t\t\t\t\t\t\t\t\t\t<span class=\"elementor-toggle-icon elementor-toggle-icon-right\" aria-hidden=\"true\">\n\t\t\t\t\t\t\t\t\t\t\t\t\t\t\t<span class=\"elementor-toggle-icon-closed\"><i class=\"fas fa-caret-right\"><\/i><\/span>\n\t\t\t\t\t\t\t\t<span class=\"elementor-toggle-icon-opened\"><i class=\"elementor-toggle-icon-opened fas fa-caret-up\"><\/i><\/span>\n\t\t\t\t\t\t\t\t\t\t\t\t\t<\/span>\n\t\t\t\t\t\t\t\t\t\t\t\t<a class=\"elementor-toggle-title\" tabindex=\"0\">Servicios homologados<\/a>\n\t\t\t\t\t<\/div>\n\n\t\t\t\t\t<div id=\"elementor-tab-content-1557\" class=\"elementor-tab-content elementor-clearfix\" data-tab=\"7\" role=\"region\" aria-labelledby=\"elementor-tab-title-1557\"><ul><li>Empresas de servicios para franquiciadores y franquiciados<\/li><\/ul><\/div>\n\t\t\t\t<\/div>\n\t\t\t\t\t\t\t<div class=\"elementor-toggle-item\">\n\t\t\t\t\t<div id=\"elementor-tab-title-1558\" class=\"elementor-tab-title\" data-tab=\"8\" role=\"button\" aria-controls=\"elementor-tab-content-1558\" aria-expanded=\"false\">\n\t\t\t\t\t\t\t\t\t\t\t\t<span class=\"elementor-toggle-icon elementor-toggle-icon-right\" aria-hidden=\"true\">\n\t\t\t\t\t\t\t\t\t\t\t\t\t\t\t<span class=\"elementor-toggle-icon-closed\"><i class=\"fas fa-caret-right\"><\/i><\/span>\n\t\t\t\t\t\t\t\t<span class=\"elementor-toggle-icon-opened\"><i class=\"elementor-toggle-icon-opened fas fa-caret-up\"><\/i><\/span>\n\t\t\t\t\t\t\t\t\t\t\t\t\t<\/span>\n\t\t\t\t\t\t\t\t\t\t\t\t<a class=\"elementor-toggle-title\" tabindex=\"0\">Servicios telem\u00e1ticos <\/a>\n\t\t\t\t\t<\/div>\n\n\t\t\t\t\t<div id=\"elementor-tab-content-1558\" class=\"elementor-tab-content elementor-clearfix\" data-tab=\"8\" role=\"region\" aria-labelledby=\"elementor-tab-title-1558\"><ul><li><span style=\"color: #00ccff;\"><a style=\"color: #00ccff;\" href=\"http:\/\/www.franquiciescat.org\">franquiciescat.org<\/a><\/span><\/li><li>Bolet\u00edn electr\u00f3nico de informaci\u00f3n<\/li><li>Difusi\u00f3n de noticias propias y de los asociados<\/li><li>Buz\u00f3n de atenci\u00f3n: info@franquiciescat.org<\/li><\/ul><\/div>\n\t\t\t\t<\/div>\n\t\t\t\t\t\t\t\t<\/div>\n\t\t\t\t\t\t<\/div>\n\t\t\t\t<\/div>\n\t\t\t\t\t<\/div>\n\t\t<\/div>\n\t\t\t\t\t<\/div>\n\t\t<\/section>\n\t\t\t\t<section class=\"elementor-section elementor-top-section elementor-element elementor-element-18be34a elementor-section-boxed elementor-section-height-default elementor-section-height-default\" data-id=\"18be34a\" data-element_type=\"section\" data-e-type=\"section\">\n\t\t\t\t\t\t<div class=\"elementor-container elementor-column-gap-default\">\n\t\t\t\t\t<div class=\"elementor-column elementor-col-100 elementor-top-column elementor-element elementor-element-b22a095\" data-id=\"b22a095\" data-element_type=\"column\" data-e-type=\"column\">\n\t\t\t<div class=\"elementor-widget-wrap elementor-element-populated\">\n\t\t\t\t\t\t<div class=\"elementor-element elementor-element-de82c8c elementor-grid-3 elementor-grid-tablet-2 elementor-grid-mobile-1 elementor-posts--thumbnail-top elementor-card-shadow-yes elementor-posts__hover-gradient elementor-widget elementor-widget-posts\" data-id=\"de82c8c\" data-element_type=\"widget\" data-e-type=\"widget\" data-settings=\"{&quot;cards_row_gap&quot;:{&quot;unit&quot;:&quot;px&quot;,&quot;size&quot;:37,&quot;sizes&quot;:[]},&quot;cards_columns&quot;:&quot;3&quot;,&quot;cards_columns_tablet&quot;:&quot;2&quot;,&quot;cards_columns_mobile&quot;:&quot;1&quot;,&quot;cards_row_gap_tablet&quot;:{&quot;unit&quot;:&quot;px&quot;,&quot;size&quot;:&quot;&quot;,&quot;sizes&quot;:[]},&quot;cards_row_gap_mobile&quot;:{&quot;unit&quot;:&quot;px&quot;,&quot;size&quot;:&quot;&quot;,&quot;sizes&quot;:[]}}\" data-widget_type=\"posts.cards\">\n\t\t\t\t<div class=\"elementor-widget-container\">\n\t\t\t\t\t\t\t<div class=\"elementor-posts-container elementor-posts elementor-posts--skin-cards elementor-grid\">\n\t\t\t\t<article class=\"elementor-post elementor-grid-item post-4728 post type-post status-publish format-standard has-post-thumbnail hentry category-noticias\">\n\t\t\t<div class=\"elementor-post__card\">\n\t\t\t\t<a class=\"elementor-post__thumbnail__link\" href=\"https:\/\/www.franquiciescat.org\/es\/informe-la-franquicia-espanola-en-el-mundo-2025-elaborado-por-la-asociacion-espanola-de-la-franquicia-aef-con-la-colaboracion-de-icex-y-de-grupo-cooperativo-cajamar\/\" tabindex=\"-1\" ><div class=\"elementor-post__thumbnail\"><img fetchpriority=\"high\" decoding=\"async\" width=\"1200\" height=\"900\" src=\"https:\/\/www.franquiciescat.org\/wp-content\/uploads\/2026\/03\/PRESENTACION-DEL-INFORME-LA-FRANQUICIA-ESPANOLA-EN-EL-MUNDO-2025.webp\" class=\"attachment-full size-full wp-image-4731\" alt=\"PRESENTACIO\u0301N DEL INFORME LA FRANQUICIA ESPAN\u0303OLA EN EL MUNDO 2025\" srcset=\"https:\/\/www.franquiciescat.org\/wp-content\/uploads\/2026\/03\/PRESENTACION-DEL-INFORME-LA-FRANQUICIA-ESPANOLA-EN-EL-MUNDO-2025.webp 1200w, https:\/\/www.franquiciescat.org\/wp-content\/uploads\/2026\/03\/PRESENTACION-DEL-INFORME-LA-FRANQUICIA-ESPANOLA-EN-EL-MUNDO-2025-300x225.webp 300w, https:\/\/www.franquiciescat.org\/wp-content\/uploads\/2026\/03\/PRESENTACION-DEL-INFORME-LA-FRANQUICIA-ESPANOLA-EN-EL-MUNDO-2025-1024x768.webp 1024w, https:\/\/www.franquiciescat.org\/wp-content\/uploads\/2026\/03\/PRESENTACION-DEL-INFORME-LA-FRANQUICIA-ESPANOLA-EN-EL-MUNDO-2025-768x576.webp 768w\" sizes=\"(max-width: 1200px) 100vw, 1200px\" \/><\/div><\/a>\n\t\t\t\t<div class=\"elementor-post__badge\">Noticias<\/div>\n\t\t\t\t<div class=\"elementor-post__text\">\n\t\t\t\t<h3 class=\"elementor-post__title\">\n\t\t\t<a href=\"https:\/\/www.franquiciescat.org\/es\/informe-la-franquicia-espanola-en-el-mundo-2025-elaborado-por-la-asociacion-espanola-de-la-franquicia-aef-con-la-colaboracion-de-icex-y-de-grupo-cooperativo-cajamar\/\" >\n\t\t\t\tInforme \u201cLa Franquicia Espa\u00f1ola en el Mundo 2025\u201d,  elaborado por la Asociaci\u00f3n Espa\u00f1ola de la Franquicia (AEF),  con la colaboraci\u00f3n de ICEX y de Grupo Cooperativo Cajamar\t\t\t<\/a>\n\t\t<\/h3>\n\t\t\t\t<div class=\"elementor-post__excerpt\">\n\t\t\t<p>El 27,44 % de las franquicias espa\u00f1olas ya est\u00e1n operando en 139 pa\u00edses Aqu\u00ed tienes el informe comopleto de franquicias 2025 Seg\u00fan revelan los datos<\/p>\n\t\t<\/div>\n\t\t\n\t\t<a class=\"elementor-post__read-more\" href=\"https:\/\/www.franquiciescat.org\/es\/informe-la-franquicia-espanola-en-el-mundo-2025-elaborado-por-la-asociacion-espanola-de-la-franquicia-aef-con-la-colaboracion-de-icex-y-de-grupo-cooperativo-cajamar\/\" aria-label=\"M\u00e1s informaci\u00f3n sobre Informe \u201cLa Franquicia Espa\u00f1ola en el Mundo 2025\u201d,  elaborado por la Asociaci\u00f3n Espa\u00f1ola de la Franquicia (AEF),  con la colaboraci\u00f3n de ICEX y de Grupo Cooperativo Cajamar\" tabindex=\"-1\" >\n\t\t\tLeer m\u00e1s \u00bb\t\t<\/a>\n\n\t\t\t\t<\/div>\n\t\t\t\t<div class=\"elementor-post__meta-data\">\n\t\t\t\t\t<span class=\"elementor-post-date\">\n\t\t\t3 de marzo de 2026\t\t<\/span>\n\t\t\t\t<\/div>\n\t\t\t\t\t<\/div>\n\t\t<\/article>\n\t\t\t\t<article class=\"elementor-post elementor-grid-item post-4715 post type-post status-publish format-standard has-post-thumbnail hentry category-noticias\">\n\t\t\t<div class=\"elementor-post__card\">\n\t\t\t\t<a class=\"elementor-post__thumbnail__link\" href=\"https:\/\/www.franquiciescat.org\/es\/nace-comunicafranquicias-una-agencia-de-comunicacion-especializada-en-franquicias\/\" tabindex=\"-1\" ><div class=\"elementor-post__thumbnail\"><img decoding=\"async\" width=\"1200\" height=\"630\" src=\"https:\/\/www.franquiciescat.org\/wp-content\/uploads\/2026\/03\/Juan-Carlos-Martin-Jimenez.webp\" class=\"attachment-full size-full wp-image-4716\" alt=\"Juan Carlos Mart\u00edn Jim\u00e9nez ComunicaFranquicias\" srcset=\"https:\/\/www.franquiciescat.org\/wp-content\/uploads\/2026\/03\/Juan-Carlos-Martin-Jimenez.webp 1200w, https:\/\/www.franquiciescat.org\/wp-content\/uploads\/2026\/03\/Juan-Carlos-Martin-Jimenez-300x158.webp 300w, https:\/\/www.franquiciescat.org\/wp-content\/uploads\/2026\/03\/Juan-Carlos-Martin-Jimenez-1024x538.webp 1024w, https:\/\/www.franquiciescat.org\/wp-content\/uploads\/2026\/03\/Juan-Carlos-Martin-Jimenez-768x403.webp 768w\" sizes=\"(max-width: 1200px) 100vw, 1200px\" \/><\/div><\/a>\n\t\t\t\t<div class=\"elementor-post__badge\">Noticias<\/div>\n\t\t\t\t<div class=\"elementor-post__text\">\n\t\t\t\t<h3 class=\"elementor-post__title\">\n\t\t\t<a href=\"https:\/\/www.franquiciescat.org\/es\/nace-comunicafranquicias-una-agencia-de-comunicacion-especializada-en-franquicias\/\" >\n\t\t\t\tNace ComunicaFranquicias, una agencia de comunicaci\u00f3n especializada en franquicias\t\t\t<\/a>\n\t\t<\/h3>\n\t\t\t\t<div class=\"elementor-post__excerpt\">\n\t\t\t<p>Al frente de la empresa est\u00e1 el periodista Juan Carlos Mart\u00edn Jim\u00e9nez, que acumula m\u00e1s de 25 a\u00f1os de experiencia en este sistema de negocio.<\/p>\n\t\t<\/div>\n\t\t\n\t\t<a class=\"elementor-post__read-more\" href=\"https:\/\/www.franquiciescat.org\/es\/nace-comunicafranquicias-una-agencia-de-comunicacion-especializada-en-franquicias\/\" aria-label=\"M\u00e1s informaci\u00f3n sobre Nace ComunicaFranquicias, una agencia de comunicaci\u00f3n especializada en franquicias\" tabindex=\"-1\" >\n\t\t\tLeer m\u00e1s \u00bb\t\t<\/a>\n\n\t\t\t\t<\/div>\n\t\t\t\t<div class=\"elementor-post__meta-data\">\n\t\t\t\t\t<span class=\"elementor-post-date\">\n\t\t\t2 de marzo de 2026\t\t<\/span>\n\t\t\t\t<\/div>\n\t\t\t\t\t<\/div>\n\t\t<\/article>\n\t\t\t\t<article class=\"elementor-post elementor-grid-item post-4710 post type-post status-publish format-standard has-post-thumbnail hentry category-noticies\">\n\t\t\t<div class=\"elementor-post__card\">\n\t\t\t\t<a class=\"elementor-post__thumbnail__link\" href=\"https:\/\/www.franquiciescat.org\/es\/anytime-fitness-iberia-reafirma-su-compromiso-social-al-participar-en-angeles-por-la-infancia-para-luchar-contra-el-cancer-infantil\/\" tabindex=\"-1\" ><div class=\"elementor-post__thumbnail\"><img decoding=\"async\" width=\"1600\" height=\"1067\" src=\"https:\/\/www.franquiciescat.org\/wp-content\/uploads\/2026\/03\/GALA-SOLIDARIA-ANGELES-POR-LA-INFANCIA-WIR.webp\" class=\"attachment-full size-full wp-image-4712\" alt=\"Anytime Fitness Iberia reafirma su compromiso social al participar en \u201c\u00c1ngeles por la Infancia\u201d para luchar contra el c\u00e1ncer infantil\" srcset=\"https:\/\/www.franquiciescat.org\/wp-content\/uploads\/2026\/03\/GALA-SOLIDARIA-ANGELES-POR-LA-INFANCIA-WIR.webp 1600w, https:\/\/www.franquiciescat.org\/wp-content\/uploads\/2026\/03\/GALA-SOLIDARIA-ANGELES-POR-LA-INFANCIA-WIR-300x200.webp 300w, https:\/\/www.franquiciescat.org\/wp-content\/uploads\/2026\/03\/GALA-SOLIDARIA-ANGELES-POR-LA-INFANCIA-WIR-1024x683.webp 1024w, https:\/\/www.franquiciescat.org\/wp-content\/uploads\/2026\/03\/GALA-SOLIDARIA-ANGELES-POR-LA-INFANCIA-WIR-768x512.webp 768w, https:\/\/www.franquiciescat.org\/wp-content\/uploads\/2026\/03\/GALA-SOLIDARIA-ANGELES-POR-LA-INFANCIA-WIR-1536x1024.webp 1536w\" sizes=\"(max-width: 1600px) 100vw, 1600px\" \/><\/div><\/a>\n\t\t\t\t<div class=\"elementor-post__badge\">Not\u00edcies<\/div>\n\t\t\t\t<div class=\"elementor-post__text\">\n\t\t\t\t<h3 class=\"elementor-post__title\">\n\t\t\t<a href=\"https:\/\/www.franquiciescat.org\/es\/anytime-fitness-iberia-reafirma-su-compromiso-social-al-participar-en-angeles-por-la-infancia-para-luchar-contra-el-cancer-infantil\/\" >\n\t\t\t\tAnytime Fitness Iberia reafirma su compromiso social al participar en \u201c\u00c1ngeles por la Infancia\u201d para luchar contra el c\u00e1ncer infantil\t\t\t<\/a>\n\t\t<\/h3>\n\t\t\t\t<div class=\"elementor-post__excerpt\">\n\t\t\t<p>La cadena l\u00edder mundial de fitness particip\u00f3 este martes 17 de febrero en Madrid en la Cena de Gala Solidaria \u201c\u00c1ngeles por la Infancia\u201d, organizada<\/p>\n\t\t<\/div>\n\t\t\n\t\t<a class=\"elementor-post__read-more\" href=\"https:\/\/www.franquiciescat.org\/es\/anytime-fitness-iberia-reafirma-su-compromiso-social-al-participar-en-angeles-por-la-infancia-para-luchar-contra-el-cancer-infantil\/\" aria-label=\"M\u00e1s informaci\u00f3n sobre Anytime Fitness Iberia reafirma su compromiso social al participar en \u201c\u00c1ngeles por la Infancia\u201d para luchar contra el c\u00e1ncer infantil\" tabindex=\"-1\" >\n\t\t\tLeer m\u00e1s \u00bb\t\t<\/a>\n\n\t\t\t\t<\/div>\n\t\t\t\t<div class=\"elementor-post__meta-data\">\n\t\t\t\t\t<span class=\"elementor-post-date\">\n\t\t\t2 de marzo de 2026\t\t<\/span>\n\t\t\t\t<\/div>\n\t\t\t\t\t<\/div>\n\t\t<\/article>\n\t\t\t\t<\/div>\n\t\t\n\t\t\t\t\t\t<\/div>\n\t\t\t\t<\/div>\n\t\t\t\t\t<\/div>\n\t\t<\/div>\n\t\t\t\t\t<\/div>\n\t\t<\/section>\n\t\t\t\t<section class=\"elementor-section elementor-top-section elementor-element elementor-element-58edda2 elementor-section-full_width elementor-section-height-default elementor-section-height-default\" data-id=\"58edda2\" data-element_type=\"section\" data-e-type=\"section\">\n\t\t\t\t\t\t<div class=\"elementor-container elementor-column-gap-default\">\n\t\t\t\t\t<div class=\"elementor-column elementor-col-50 elementor-top-column elementor-element elementor-element-2e68284\" data-id=\"2e68284\" data-element_type=\"column\" data-e-type=\"column\">\n\t\t\t<div class=\"elementor-widget-wrap elementor-element-populated\">\n\t\t\t\t\t\t<div class=\"elementor-element elementor-element-c0707b5 elementor-widget elementor-widget-image\" data-id=\"c0707b5\" data-element_type=\"widget\" data-e-type=\"widget\" data-widget_type=\"image.default\">\n\t\t\t\t<div class=\"elementor-widget-container\">\n\t\t\t\t\t\t\t\t\t\t\t\t\t\t\t\t<a href=\"https:\/\/rs-biz.com\/2024\/06\/10\/como-potenciar-expansion-franquicia-recursos-consejos\/?_gl=1*6qnn5t*_up*MQ..*_ga*MjEwNzY0MTc2MS4xNzE4MDAyOTEw*_ga_PNYFK9PZPT*MTcxODAwMjkwOS4xLjEuMTcxODAwMzA3MS4wLjAuMA\" target=\"_blank\">\n\t\t\t\t\t\t\t<img loading=\"lazy\" decoding=\"async\" width=\"1200\" height=\"600\" src=\"https:\/\/www.franquiciescat.org\/wp-content\/uploads\/2025\/07\/BannerAFC.-The-White-Rabbit.png\" class=\"attachment-full size-full wp-image-4484\" alt=\"\" srcset=\"https:\/\/www.franquiciescat.org\/wp-content\/uploads\/2025\/07\/BannerAFC.-The-White-Rabbit.png 1200w, https:\/\/www.franquiciescat.org\/wp-content\/uploads\/2025\/07\/BannerAFC.-The-White-Rabbit-300x150.png 300w, https:\/\/www.franquiciescat.org\/wp-content\/uploads\/2025\/07\/BannerAFC.-The-White-Rabbit-1024x512.png 1024w, https:\/\/www.franquiciescat.org\/wp-content\/uploads\/2025\/07\/BannerAFC.-The-White-Rabbit-768x384.png 768w\" sizes=\"(max-width: 1200px) 100vw, 1200px\" \/>\t\t\t\t\t\t\t\t<\/a>\n\t\t\t\t\t\t\t\t\t\t\t\t\t\t\t<\/div>\n\t\t\t\t<\/div>\n\t\t\t\t\t<\/div>\n\t\t<\/div>\n\t\t\t\t<div class=\"elementor-column elementor-col-50 elementor-top-column elementor-element elementor-element-7276fa9\" data-id=\"7276fa9\" data-element_type=\"column\" data-e-type=\"column\">\n\t\t\t<div class=\"elementor-widget-wrap elementor-element-populated\">\n\t\t\t\t\t\t<div class=\"elementor-element elementor-element-490db8d elementor-widget elementor-widget-image\" data-id=\"490db8d\" data-element_type=\"widget\" data-e-type=\"widget\" data-widget_type=\"image.default\">\n\t\t\t\t<div class=\"elementor-widget-container\">\n\t\t\t\t\t\t\t\t\t\t\t\t\t\t\t\t<a href=\"https:\/\/www.innobaix.cat\/2025\/01\/23\/intelligencia-artificial-una-oportunitat-per-liderar-la-innovacio-empresarial\/\" target=\"_blank\">\n\t\t\t\t\t\t\t<img decoding=\"async\" src=\"https:\/\/www.franquiciescat.org\/wp-content\/uploads\/elementor\/thumbs\/Group-24es-r1ge1zg50s3pqha1jy7kt59t6hkjsdq484eg11buzk.png\" title=\"Group 24es\" alt=\"Group 24es\" loading=\"lazy\" \/>\t\t\t\t\t\t\t\t<\/a>\n\t\t\t\t\t\t\t\t\t\t\t\t\t\t\t<\/div>\n\t\t\t\t<\/div>\n\t\t\t\t\t<\/div>\n\t\t<\/div>\n\t\t\t\t\t<\/div>\n\t\t<\/section>\n\t\t\t\t<section class=\"elementor-section elementor-top-section elementor-element elementor-element-2b2930f0 elementor-section-full_width elementor-section-height-default elementor-section-height-default\" data-id=\"2b2930f0\" data-element_type=\"section\" data-e-type=\"section\">\n\t\t\t\t\t\t<div class=\"elementor-container elementor-column-gap-no\">\n\t\t\t\t\t<div class=\"elementor-column elementor-col-100 elementor-top-column elementor-element elementor-element-343e1142\" data-id=\"343e1142\" data-element_type=\"column\" data-e-type=\"column\" data-settings=\"{&quot;background_background&quot;:&quot;classic&quot;}\">\n\t\t\t<div class=\"elementor-widget-wrap elementor-element-populated\">\n\t\t\t\t\t\t<section class=\"elementor-section elementor-inner-section elementor-element elementor-element-6387663 elementor-section-full_width elementor-section-content-middle elementor-reverse-mobile elementor-hidden-desktop elementor-hidden-tablet elementor-hidden-mobile elementor-section-height-default elementor-section-height-default\" data-id=\"6387663\" data-element_type=\"section\" data-e-type=\"section\">\n\t\t\t\t\t\t<div class=\"elementor-container elementor-column-gap-no\">\n\t\t\t\t\t<div class=\"elementor-column elementor-col-50 elementor-inner-column elementor-element elementor-element-3e4ff3cc\" data-id=\"3e4ff3cc\" data-element_type=\"column\" data-e-type=\"column\" data-settings=\"{&quot;background_background&quot;:&quot;classic&quot;}\">\n\t\t\t<div class=\"elementor-widget-wrap elementor-element-populated\">\n\t\t\t\t\t\t<div class=\"elementor-element elementor-element-46576901 elementor-widget elementor-widget-heading\" data-id=\"46576901\" data-element_type=\"widget\" data-e-type=\"widget\" data-widget_type=\"heading.default\">\n\t\t\t\t<div class=\"elementor-widget-container\">\n\t\t\t\t\t<h2 class=\"elementor-heading-title elementor-size-default\">Los V Premios <br>de las Franquicias de <br>Catalunya 2023<\/h2>\t\t\t\t<\/div>\n\t\t\t\t<\/div>\n\t\t\t\t<div class=\"elementor-element elementor-element-a9265e6 elementor-widget-divider--view-line elementor-widget elementor-widget-divider\" data-id=\"a9265e6\" data-element_type=\"widget\" data-e-type=\"widget\" data-widget_type=\"divider.default\">\n\t\t\t\t<div class=\"elementor-widget-container\">\n\t\t\t\t\t\t\t<div class=\"elementor-divider\">\n\t\t\t<span class=\"elementor-divider-separator\">\n\t\t\t\t\t\t<\/span>\n\t\t<\/div>\n\t\t\t\t\t\t<\/div>\n\t\t\t\t<\/div>\n\t\t\t\t<div class=\"elementor-element elementor-element-7869c9c elementor-widget elementor-widget-text-editor\" data-id=\"7869c9c\" data-element_type=\"widget\" data-e-type=\"widget\" data-widget_type=\"text-editor.default\">\n\t\t\t\t<div class=\"elementor-widget-container\">\n\t\t\t\t\t\t\t\t\t<p>Como cada a\u00f1o, el pr\u00f3ximo 1 de septiembre se abrir\u00e1 la convocatoria para participar en la nueva edici\u00f3n -quinta- de los Premios que la<strong>AFC<\/strong> organiza con el patrocinio de <strong>BS BIZ<\/strong>.<\/p>\n<p>Una singularidad que queremos mantener es la independencia del Jurado que contar\u00e1 con la participaci\u00f3n de representantes de la Administraci\u00f3n, la Prensa, la Abogac\u00eda, la Banca y la propia Asociaci\u00f3n.<\/p>\n<p>A continuaci\u00f3n se puede consultar la lista de premiados en la edici\u00f3n de 2022. <\/p>\n\t\t\t\t\t\t\t\t<\/div>\n\t\t\t\t<\/div>\n\t\t\t\t<div class=\"elementor-element elementor-element-66b0a381 elementor-align-center animated-slow elementor-invisible elementor-widget elementor-widget-button\" data-id=\"66b0a381\" data-element_type=\"widget\" data-e-type=\"widget\" data-settings=\"{&quot;_animation&quot;:&quot;fadeInUp&quot;}\" data-widget_type=\"button.default\">\n\t\t\t\t<div class=\"elementor-widget-container\">\n\t\t\t\t\t\t\t\t\t<div class=\"elementor-button-wrapper\">\n\t\t\t\t\t<a class=\"elementor-button elementor-button-link elementor-size-sm\" href=\"https:\/\/www.franquiciescat.org\/es\/v-premios-franquicias-de-cataluna-2023\/\">\n\t\t\t\t\t\t<span class=\"elementor-button-content-wrapper\">\n\t\t\t\t\t\t\t\t\t<span class=\"elementor-button-text\">Leer m\u00e1s<\/span>\n\t\t\t\t\t<\/span>\n\t\t\t\t\t<\/a>\n\t\t\t\t<\/div>\n\t\t\t\t\t\t\t\t<\/div>\n\t\t\t\t<\/div>\n\t\t\t\t\t<\/div>\n\t\t<\/div>\n\t\t\t\t<div class=\"elementor-column elementor-col-50 elementor-inner-column elementor-element elementor-element-113d6b12\" data-id=\"113d6b12\" data-element_type=\"column\" data-e-type=\"column\" data-settings=\"{&quot;background_background&quot;:&quot;classic&quot;}\">\n\t\t\t<div class=\"elementor-widget-wrap elementor-element-populated\">\n\t\t\t\t\t\t<div class=\"elementor-element elementor-element-687311cb elementor-widget elementor-widget-spacer\" data-id=\"687311cb\" data-element_type=\"widget\" data-e-type=\"widget\" data-widget_type=\"spacer.default\">\n\t\t\t\t<div class=\"elementor-widget-container\">\n\t\t\t\t\t\t\t<div class=\"elementor-spacer\">\n\t\t\t<div class=\"elementor-spacer-inner\"><\/div>\n\t\t<\/div>\n\t\t\t\t\t\t<\/div>\n\t\t\t\t<\/div>\n\t\t\t\t\t<\/div>\n\t\t<\/div>\n\t\t\t\t\t<\/div>\n\t\t<\/section>\n\t\t\t\t<section class=\"elementor-section elementor-inner-section elementor-element elementor-element-220bb33 elementor-section-full_width elementor-section-content-middle elementor-reverse-mobile elementor-section-height-default elementor-section-height-default\" data-id=\"220bb33\" data-element_type=\"section\" data-e-type=\"section\" data-settings=\"{&quot;background_background&quot;:&quot;classic&quot;}\">\n\t\t\t\t\t\t<div class=\"elementor-container elementor-column-gap-no\">\n\t\t\t\t\t<div class=\"elementor-column elementor-col-50 elementor-inner-column elementor-element elementor-element-2b39d9a\" data-id=\"2b39d9a\" data-element_type=\"column\" data-e-type=\"column\" data-settings=\"{&quot;background_background&quot;:&quot;classic&quot;}\">\n\t\t\t<div class=\"elementor-widget-wrap elementor-element-populated\">\n\t\t\t\t\t\t<div class=\"elementor-element elementor-element-ffdb98a elementor-widget elementor-widget-heading\" data-id=\"ffdb98a\" data-element_type=\"widget\" data-e-type=\"widget\" data-widget_type=\"heading.default\">\n\t\t\t\t<div class=\"elementor-widget-container\">\n\t\t\t\t\t<h2 class=\"elementor-heading-title elementor-size-default\">CONCESI\u00d3N DE LOS VI PREMIOS FRANQUICIAS DE CATALU\u00d1A, 2024<\/h2>\t\t\t\t<\/div>\n\t\t\t\t<\/div>\n\t\t\t\t<div class=\"elementor-element elementor-element-a092cf1 elementor-widget-divider--view-line elementor-widget elementor-widget-divider\" data-id=\"a092cf1\" data-element_type=\"widget\" data-e-type=\"widget\" data-widget_type=\"divider.default\">\n\t\t\t\t<div class=\"elementor-widget-container\">\n\t\t\t\t\t\t\t<div class=\"elementor-divider\">\n\t\t\t<span class=\"elementor-divider-separator\">\n\t\t\t\t\t\t<\/span>\n\t\t<\/div>\n\t\t\t\t\t\t<\/div>\n\t\t\t\t<\/div>\n\t\t\t\t<div class=\"elementor-element elementor-element-ee6c9f6 elementor-widget elementor-widget-text-editor\" data-id=\"ee6c9f6\" data-element_type=\"widget\" data-e-type=\"widget\" data-widget_type=\"text-editor.default\">\n\t\t\t\t<div class=\"elementor-widget-container\">\n\t\t\t\t\t\t\t\t\t<p>Los Premios se entregaron en un evento celebrado el pasado 12 de diciembre en el sal\u00f3n de actos de la sede territorial de <strong>BBVA <\/strong>en Barcelona.<\/p><p>La jornada se inici\u00f3 con una conferencia sobre \u00abFomentar la Innovaci\u00f3n\u00bb, a cargo de <strong>Nat\u00e0lia Mir<\/strong>, directora general de la Asociaci\u00f3n<strong> INNOBAIX<\/strong>, agencia de innovaci\u00f3n y conocimiento.<\/p><p>Destacamos dos hechos singulares de esta entrega de premios:<\/p><p>El premio especial concedido a los 5 franquiciados de Valencia de AQU\u00cd TU REFORMA por su acci\u00f3n de ayuda y solidaridad con los damnificados por la DANA.<\/p><p>Singularmente, el Premio al mejor CEO del a\u00f1o ganado por <strong>Marcos Moure<\/strong> del <strong>Grupo Moure<\/strong> le fue entregado por <strong>Francisco Mor\u00e1n<\/strong> CEO de <strong>Aqu\u00ed Tu Reforma<\/strong> que lo hab\u00eda recibido en la primera edici\u00f3n de estos premios.<\/p><p>Finalmente, los asistentes pudieron departir en el \u00abBufete de los Ganadores\u00bb, por gentileza de <strong>Ch\u00f4k<\/strong>, <strong>Las Muns<\/strong> y <strong>Tabernnus<\/strong>.<\/p><p>\u00a0<\/p><p>Los Premios Franquicias de Catalu\u00f1a 2024 han sido patrocinados por<\/p><p><img loading=\"lazy\" decoding=\"async\" src=\"https:\/\/www.franquiciescat.org\/wp-content\/uploads\/2023\/09\/Imagen-1-300x77.png\" alt=\"\" width=\"300\" height=\"77\" \/><\/p><p>Pueden ver la lista completa de ganadores clicando en el siguiente bot\u00f3n<\/p>\t\t\t\t\t\t\t\t<\/div>\n\t\t\t\t<\/div>\n\t\t\t\t<div class=\"elementor-element elementor-element-bfea0be elementor-align-center animated-slow elementor-invisible elementor-widget elementor-widget-button\" data-id=\"bfea0be\" data-element_type=\"widget\" data-e-type=\"widget\" data-settings=\"{&quot;_animation&quot;:&quot;fadeInUp&quot;}\" data-widget_type=\"button.default\">\n\t\t\t\t<div class=\"elementor-widget-container\">\n\t\t\t\t\t\t\t\t\t<div class=\"elementor-button-wrapper\">\n\t\t\t\t\t<a class=\"elementor-button elementor-button-link elementor-size-sm\" href=\"https:\/\/www.franquiciescat.org\/es\/ganadores-de-los-vi-premios-franquicias-de-cataluna-2024\/\">\n\t\t\t\t\t\t<span class=\"elementor-button-content-wrapper\">\n\t\t\t\t\t\t\t\t\t<span class=\"elementor-button-text\">Leer m\u00e1s<\/span>\n\t\t\t\t\t<\/span>\n\t\t\t\t\t<\/a>\n\t\t\t\t<\/div>\n\t\t\t\t\t\t\t\t<\/div>\n\t\t\t\t<\/div>\n\t\t\t\t\t<\/div>\n\t\t<\/div>\n\t\t\t\t<div class=\"elementor-column elementor-col-50 elementor-inner-column elementor-element elementor-element-87183da\" data-id=\"87183da\" data-element_type=\"column\" data-e-type=\"column\" data-settings=\"{&quot;background_background&quot;:&quot;classic&quot;}\">\n\t\t\t<div class=\"elementor-widget-wrap elementor-element-populated\">\n\t\t\t\t\t\t<div class=\"elementor-element elementor-element-ef402ed elementor-widget__width-initial elementor-widget elementor-widget-image\" data-id=\"ef402ed\" data-element_type=\"widget\" data-e-type=\"widget\" data-widget_type=\"image.default\">\n\t\t\t\t<div class=\"elementor-widget-container\">\n\t\t\t\t\t\t\t\t\t\t\t\t\t\t\t<img loading=\"lazy\" decoding=\"async\" width=\"2560\" height=\"1707\" src=\"https:\/\/www.franquiciescat.org\/wp-content\/uploads\/2025\/02\/149_202412_AFC_Premis_0191_3600pxHome-scaled.jpg\" class=\"attachment-full size-full wp-image-4321\" alt=\"\" srcset=\"https:\/\/www.franquiciescat.org\/wp-content\/uploads\/2025\/02\/149_202412_AFC_Premis_0191_3600pxHome-scaled.jpg 2560w, https:\/\/www.franquiciescat.org\/wp-content\/uploads\/2025\/02\/149_202412_AFC_Premis_0191_3600pxHome-300x200.jpg 300w, https:\/\/www.franquiciescat.org\/wp-content\/uploads\/2025\/02\/149_202412_AFC_Premis_0191_3600pxHome-1024x683.jpg 1024w, https:\/\/www.franquiciescat.org\/wp-content\/uploads\/2025\/02\/149_202412_AFC_Premis_0191_3600pxHome-768x512.jpg 768w, https:\/\/www.franquiciescat.org\/wp-content\/uploads\/2025\/02\/149_202412_AFC_Premis_0191_3600pxHome-1536x1024.jpg 1536w, https:\/\/www.franquiciescat.org\/wp-content\/uploads\/2025\/02\/149_202412_AFC_Premis_0191_3600pxHome-2048x1365.jpg 2048w\" sizes=\"(max-width: 2560px) 100vw, 2560px\" \/>\t\t\t\t\t\t\t\t\t\t\t\t\t\t\t<\/div>\n\t\t\t\t<\/div>\n\t\t\t\t\t<\/div>\n\t\t<\/div>\n\t\t\t\t\t<\/div>\n\t\t<\/section>\n\t\t\t\t<section class=\"elementor-section elementor-inner-section elementor-element elementor-element-76aaeab4 elementor-section-full_width elementor-section-content-middle elementor-section-height-default elementor-section-height-default\" data-id=\"76aaeab4\" data-element_type=\"section\" data-e-type=\"section\">\n\t\t\t\t\t\t<div class=\"elementor-container elementor-column-gap-no\">\n\t\t\t\t\t<div class=\"elementor-column elementor-col-50 elementor-inner-column elementor-element elementor-element-2a16efda\" data-id=\"2a16efda\" data-element_type=\"column\" data-e-type=\"column\" data-settings=\"{&quot;background_background&quot;:&quot;classic&quot;}\">\n\t\t\t<div class=\"elementor-widget-wrap elementor-element-populated\">\n\t\t\t\t\t\t<div class=\"elementor-element elementor-element-22ecf95b elementor-widget elementor-widget-spacer\" data-id=\"22ecf95b\" data-element_type=\"widget\" data-e-type=\"widget\" data-widget_type=\"spacer.default\">\n\t\t\t\t<div class=\"elementor-widget-container\">\n\t\t\t\t\t\t\t<div class=\"elementor-spacer\">\n\t\t\t<div class=\"elementor-spacer-inner\"><\/div>\n\t\t<\/div>\n\t\t\t\t\t\t<\/div>\n\t\t\t\t<\/div>\n\t\t\t\t\t<\/div>\n\t\t<\/div>\n\t\t\t\t<div class=\"elementor-column elementor-col-50 elementor-inner-column elementor-element elementor-element-4f6c9a09\" data-id=\"4f6c9a09\" data-element_type=\"column\" data-e-type=\"column\" data-settings=\"{&quot;background_background&quot;:&quot;classic&quot;}\">\n\t\t\t<div class=\"elementor-widget-wrap elementor-element-populated\">\n\t\t\t\t\t\t<div class=\"elementor-element elementor-element-3362a005 elementor-widget elementor-widget-heading\" data-id=\"3362a005\" data-element_type=\"widget\" data-e-type=\"widget\" data-widget_type=\"heading.default\">\n\t\t\t\t<div class=\"elementor-widget-container\">\n\t\t\t\t\t<h2 class=\"elementor-heading-title elementor-size-default\">Las Centrales <br>Franquiciadoras <br>de Catalunya <\/h2>\t\t\t\t<\/div>\n\t\t\t\t<\/div>\n\t\t\t\t<div class=\"elementor-element elementor-element-79540bb elementor-widget-divider--view-line elementor-widget elementor-widget-divider\" data-id=\"79540bb\" data-element_type=\"widget\" data-e-type=\"widget\" data-widget_type=\"divider.default\">\n\t\t\t\t<div class=\"elementor-widget-container\">\n\t\t\t\t\t\t\t<div class=\"elementor-divider\">\n\t\t\t<span class=\"elementor-divider-separator\">\n\t\t\t\t\t\t<\/span>\n\t\t<\/div>\n\t\t\t\t\t\t<\/div>\n\t\t\t\t<\/div>\n\t\t\t\t<div class=\"elementor-element elementor-element-10c22f7 elementor-widget elementor-widget-text-editor\" data-id=\"10c22f7\" data-element_type=\"widget\" data-e-type=\"widget\" data-widget_type=\"text-editor.default\">\n\t\t\t\t<div class=\"elementor-widget-container\">\n\t\t\t\t\t\t\t\t\t<p><strong>\u00bfSab\u00edas que m\u00e1s de 300 marcas franquiciadoras tienen su sede central aqu\u00ed?<\/strong><\/p>\n<p>24 sectores de actividad econ\u00f3mica relacionados con el comercio y los servicios se reparten su presencia mediante miles de locales propios y franquiciados.<\/p>\n<p><strong>\u00bfSab\u00edas que cerca de 100 empresas franquiciadoras se han establecido en m\u00e1s de 100 pa\u00edses en todo el mundo?<\/strong><\/p>\n<p>La creaci\u00f3n por parte de los franquiciados de microempresas y pymes y la generaci\u00f3n de empleo constituyen una importante aportaci\u00f3n del sistema de franquicias al PIB catal\u00e1n.<\/p>\n<p>Para fijar y poner al alcance de todo el mundo las cifras de estos y otros aspectos econ\u00f3micos de la franquicia catalana, la AFC presentar\u00e1 muy pronto su Informe Estad\u00edstico 2023, que posteriormente se podr\u00e1 consultar en esta misma web. <\/p>\n\t\t\t\t\t\t\t\t<\/div>\n\t\t\t\t<\/div>\n\t\t\t\t<div class=\"elementor-element elementor-element-4a94ca64 elementor-align-center animated-slow elementor-invisible elementor-widget elementor-widget-button\" data-id=\"4a94ca64\" data-element_type=\"widget\" data-e-type=\"widget\" data-settings=\"{&quot;_animation&quot;:&quot;fadeInUp&quot;}\" data-widget_type=\"button.default\">\n\t\t\t\t<div class=\"elementor-widget-container\">\n\t\t\t\t\t\t\t\t\t<div class=\"elementor-button-wrapper\">\n\t\t\t\t\t<a class=\"elementor-button elementor-button-link elementor-size-sm\" href=\"https:\/\/www.franquiciescat.org\/es\/socios\/\">\n\t\t\t\t\t\t<span class=\"elementor-button-content-wrapper\">\n\t\t\t\t\t\t\t\t\t<span class=\"elementor-button-text\">Nuestros Socios<\/span>\n\t\t\t\t\t<\/span>\n\t\t\t\t\t<\/a>\n\t\t\t\t<\/div>\n\t\t\t\t\t\t\t\t<\/div>\n\t\t\t\t<\/div>\n\t\t\t\t\t<\/div>\n\t\t<\/div>\n\t\t\t\t\t<\/div>\n\t\t<\/section>\n\t\t\t\t\t<\/div>\n\t\t<\/div>\n\t\t\t\t\t<\/div>\n\t\t<\/section>\n\t\t\t\t<section class=\"elementor-section elementor-top-section elementor-element elementor-element-11c66264 elementor-section-full_width elementor-section-height-default elementor-section-height-default\" data-id=\"11c66264\" data-element_type=\"section\" data-e-type=\"section\">\n\t\t\t\t\t\t<div class=\"elementor-container elementor-column-gap-no\">\n\t\t\t\t\t<div class=\"elementor-column elementor-col-100 elementor-top-column elementor-element elementor-element-4c2bf062\" data-id=\"4c2bf062\" data-element_type=\"column\" data-e-type=\"column\">\n\t\t\t<div class=\"elementor-widget-wrap elementor-element-populated\">\n\t\t\t\t\t\t<div class=\"elementor-element elementor-element-1a2cd4cd elementor-widget elementor-widget-heading\" data-id=\"1a2cd4cd\" data-element_type=\"widget\" data-e-type=\"widget\" data-widget_type=\"heading.default\">\n\t\t\t\t<div class=\"elementor-widget-container\">\n\t\t\t\t\t<h2 class=\"elementor-heading-title elementor-size-default\">La Asociaci\u00f3n<\/h2>\t\t\t\t<\/div>\n\t\t\t\t<\/div>\n\t\t\t\t<div class=\"elementor-element elementor-element-7a16fba elementor-widget elementor-widget-text-editor\" data-id=\"7a16fba\" data-element_type=\"widget\" data-e-type=\"widget\" data-widget_type=\"text-editor.default\">\n\t\t\t\t<div class=\"elementor-widget-container\">\n\t\t\t\t\t\t\t\t\t<p>La<strong>Asociaci\u00f3n de Franquicias de Catalunya<\/strong> apoya y asistencia a los<strong>franquiciadores <\/strong>y a los <strong>franquiciados<\/strong> establecidos en el territorio catal\u00e1n. Entre sus principales objetivos est\u00e1 la armonizaci\u00f3n de los intereses profesionales de ambas partes. Tambi\u00e9n, la representaci\u00f3n de las empresas asociadas y el fomento del sistema de franquicia frente a las Administraciones, Instituciones y Organismos, p\u00fablicos y privados, relacionados con el comercio, los servicios y la econom\u00eda en general.<\/p>\n\t\t\t\t\t\t\t\t<\/div>\n\t\t\t\t<\/div>\n\t\t\t\t<div class=\"elementor-element elementor-element-96daeda elementor-widget elementor-widget-heading\" data-id=\"96daeda\" data-element_type=\"widget\" data-e-type=\"widget\" data-widget_type=\"heading.default\">\n\t\t\t\t<div class=\"elementor-widget-container\">\n\t\t\t\t\t<h2 class=\"elementor-heading-title elementor-size-default\">Valores<\/h2>\t\t\t\t<\/div>\n\t\t\t\t<\/div>\n\t\t\t\t<div class=\"elementor-element elementor-element-40d1627 elementor-view-default elementor-widget elementor-widget-icon\" data-id=\"40d1627\" data-element_type=\"widget\" data-e-type=\"widget\" data-widget_type=\"icon.default\">\n\t\t\t\t<div class=\"elementor-widget-container\">\n\t\t\t\t\t\t\t<div class=\"elementor-icon-wrapper\">\n\t\t\t<div class=\"elementor-icon\">\n\t\t\t\t\t\t<\/div>\n\t\t<\/div>\n\t\t\t\t\t\t<\/div>\n\t\t\t\t<\/div>\n\t\t\t\t<section class=\"elementor-section elementor-inner-section elementor-element elementor-element-59b7170b elementor-section-full_width elementor-section-height-default elementor-section-height-default\" data-id=\"59b7170b\" data-element_type=\"section\" data-e-type=\"section\">\n\t\t\t\t\t\t<div class=\"elementor-container elementor-column-gap-no\">\n\t\t\t\t\t<div class=\"elementor-column elementor-col-33 elementor-inner-column elementor-element elementor-element-7e6163c3\" data-id=\"7e6163c3\" data-element_type=\"column\" data-e-type=\"column\">\n\t\t\t<div class=\"elementor-widget-wrap elementor-element-populated\">\n\t\t\t\t\t\t<div class=\"elementor-element elementor-element-6aa2435 elementor-view-default elementor-position-block-start elementor-mobile-position-block-start elementor-widget elementor-widget-icon-box\" data-id=\"6aa2435\" data-element_type=\"widget\" data-e-type=\"widget\" data-widget_type=\"icon-box.default\">\n\t\t\t\t<div class=\"elementor-widget-container\">\n\t\t\t\t\t\t\t<div class=\"elementor-icon-box-wrapper\">\n\n\t\t\t\t\t\t<div class=\"elementor-icon-box-icon\">\n\t\t\t\t<span  class=\"elementor-icon\">\n\t\t\t\t\t\t\t\t<\/span>\n\t\t\t<\/div>\n\t\t\t\n\t\t\t\t\t\t<div class=\"elementor-icon-box-content\">\n\n\t\t\t\t\n\t\t\t\t\t\t\t\t\t<p class=\"elementor-icon-box-description\">\n\t\t\t\t\t\tEs misi\u00f3n de la AFC velar por el cumplimiento de los principios recogidos en el C\u00f3digo Deontol\u00f3gico Europeo de la Franquicia en las relaciones entre franquiciadores y franquiciados\r\ny, tambi\u00e9n, por la armonizaci\u00f3n del sistema dentro y desde el mercado catal\u00e1n.\t\t\t\t\t<\/p>\n\t\t\t\t\n\t\t\t<\/div>\n\t\t\t\n\t\t<\/div>\n\t\t\t\t\t\t<\/div>\n\t\t\t\t<\/div>\n\t\t\t\t\t<\/div>\n\t\t<\/div>\n\t\t\t\t<div class=\"elementor-column elementor-col-33 elementor-inner-column elementor-element elementor-element-3701d0c1\" data-id=\"3701d0c1\" data-element_type=\"column\" data-e-type=\"column\">\n\t\t\t<div class=\"elementor-widget-wrap elementor-element-populated\">\n\t\t\t\t\t\t<div class=\"elementor-element elementor-element-5c3c2f11 elementor-view-default elementor-position-block-start elementor-mobile-position-block-start elementor-widget elementor-widget-icon-box\" data-id=\"5c3c2f11\" data-element_type=\"widget\" data-e-type=\"widget\" data-widget_type=\"icon-box.default\">\n\t\t\t\t<div class=\"elementor-widget-container\">\n\t\t\t\t\t\t\t<div class=\"elementor-icon-box-wrapper\">\n\n\t\t\t\t\t\t<div class=\"elementor-icon-box-icon\">\n\t\t\t\t<span  class=\"elementor-icon\">\n\t\t\t\t\t\t\t\t<\/span>\n\t\t\t<\/div>\n\t\t\t\n\t\t\t\t\t\t<div class=\"elementor-icon-box-content\">\n\n\t\t\t\t\n\t\t\t\t\t\t\t\t\t<p class=\"elementor-icon-box-description\">\n\t\t\t\t\t\tPrestamos servicios informativos, estad\u00edsticos, comerciales, t\u00e9cnicos y formativos, con especial atenci\u00f3n a los emprendedores que quieren iniciarse como franquiciadores\r\no adquirir una franquicia.\t\t\t\t\t<\/p>\n\t\t\t\t\n\t\t\t<\/div>\n\t\t\t\n\t\t<\/div>\n\t\t\t\t\t\t<\/div>\n\t\t\t\t<\/div>\n\t\t\t\t\t<\/div>\n\t\t<\/div>\n\t\t\t\t<div class=\"elementor-column elementor-col-33 elementor-inner-column elementor-element elementor-element-4dd3ab64\" data-id=\"4dd3ab64\" data-element_type=\"column\" data-e-type=\"column\">\n\t\t\t<div class=\"elementor-widget-wrap elementor-element-populated\">\n\t\t\t\t\t\t<div class=\"elementor-element elementor-element-7f8d8015 elementor-view-default elementor-position-block-start elementor-mobile-position-block-start elementor-widget elementor-widget-icon-box\" data-id=\"7f8d8015\" data-element_type=\"widget\" data-e-type=\"widget\" data-widget_type=\"icon-box.default\">\n\t\t\t\t<div class=\"elementor-widget-container\">\n\t\t\t\t\t\t\t<div class=\"elementor-icon-box-wrapper\">\n\n\t\t\t\t\t\t<div class=\"elementor-icon-box-icon\">\n\t\t\t\t<span  class=\"elementor-icon\">\n\t\t\t\t\t\t\t\t<\/span>\n\t\t\t<\/div>\n\t\t\t\n\t\t\t\t\t\t<div class=\"elementor-icon-box-content\">\n\n\t\t\t\t\n\t\t\t\t\t\t\t\t\t<p class=\"elementor-icon-box-description\">\n\t\t\t\t\t\tHoy, la franquicia en Catalu\u00f1a cuenta con 331 marcas operativas, con 23.556 establecimientos en toda Espa\u00f1a que dan empleo a 79.777 personas.\r\nAdem\u00e1s, 121 de estas marcas est\u00e1n presentes en otros pa\u00edses con un total de 7.029 establecimientos.\t\t\t\t\t<\/p>\n\t\t\t\t\n\t\t\t<\/div>\n\t\t\t\n\t\t<\/div>\n\t\t\t\t\t\t<\/div>\n\t\t\t\t<\/div>\n\t\t\t\t\t<\/div>\n\t\t<\/div>\n\t\t\t\t\t<\/div>\n\t\t<\/section>\n\t\t\t\t<div class=\"elementor-element elementor-element-261f8b05 elementor-align-center animated-slow elementor-hidden-desktop elementor-hidden-tablet elementor-hidden-mobile elementor-invisible elementor-widget elementor-widget-button\" data-id=\"261f8b05\" data-element_type=\"widget\" data-e-type=\"widget\" data-settings=\"{&quot;_animation&quot;:&quot;fadeInUp&quot;}\" data-widget_type=\"button.default\">\n\t\t\t\t<div class=\"elementor-widget-container\">\n\t\t\t\t\t\t\t\t\t<div class=\"elementor-button-wrapper\">\n\t\t\t\t\t<a class=\"elementor-button elementor-button-link elementor-size-sm\" href=\"#\">\n\t\t\t\t\t\t<span class=\"elementor-button-content-wrapper\">\n\t\t\t\t\t\t\t\t\t<span class=\"elementor-button-text\">La asociaci\u00f3n<\/span>\n\t\t\t\t\t<\/span>\n\t\t\t\t\t<\/a>\n\t\t\t\t<\/div>\n\t\t\t\t\t\t\t\t<\/div>\n\t\t\t\t<\/div>\n\t\t\t\t<div class=\"elementor-element elementor-element-d0fd1fe elementor-widget__width-initial elementor-absolute elementor-widget-tablet__width-initial elementor-widget-mobile__width-initial elementor-widget elementor-widget-spacer\" data-id=\"d0fd1fe\" data-element_type=\"widget\" data-e-type=\"widget\" data-settings=\"{&quot;_position&quot;:&quot;absolute&quot;}\" data-widget_type=\"spacer.default\">\n\t\t\t\t<div class=\"elementor-widget-container\">\n\t\t\t\t\t\t\t<div class=\"elementor-spacer\">\n\t\t\t<div class=\"elementor-spacer-inner\"><\/div>\n\t\t<\/div>\n\t\t\t\t\t\t<\/div>\n\t\t\t\t<\/div>\n\t\t\t\t\t<\/div>\n\t\t<\/div>\n\t\t\t\t\t<\/div>\n\t\t<\/section>\n\t\t\t\t<section class=\"elementor-section elementor-top-section elementor-element elementor-element-3a399e22 elementor-section-full_width elementor-section-height-default elementor-section-height-default\" data-id=\"3a399e22\" data-element_type=\"section\" data-e-type=\"section\" data-settings=\"{&quot;background_background&quot;:&quot;classic&quot;}\">\n\t\t\t\t\t\t<div class=\"elementor-container elementor-column-gap-no\">\n\t\t\t\t\t<div class=\"elementor-column elementor-col-100 elementor-top-column elementor-element elementor-element-666eb4ea\" data-id=\"666eb4ea\" data-element_type=\"column\" data-e-type=\"column\" data-settings=\"{&quot;background_background&quot;:&quot;classic&quot;}\">\n\t\t\t<div class=\"elementor-widget-wrap elementor-element-populated\">\n\t\t\t\t\t\t<div class=\"elementor-element elementor-element-1df14a32 elementor-view-default elementor-widget elementor-widget-icon\" data-id=\"1df14a32\" data-element_type=\"widget\" data-e-type=\"widget\" data-widget_type=\"icon.default\">\n\t\t\t\t<div class=\"elementor-widget-container\">\n\t\t\t\t\t\t\t<div class=\"elementor-icon-wrapper\">\n\t\t\t<div class=\"elementor-icon\">\n\t\t\t\t\t\t<\/div>\n\t\t<\/div>\n\t\t\t\t\t\t<\/div>\n\t\t\t\t<\/div>\n\t\t\t\t<div class=\"elementor-element elementor-element-1dee335a elementor-blockquote--skin-clean elementor-blockquote--align-center elementor-blockquote--button-color-official elementor-widget elementor-widget-blockquote\" data-id=\"1dee335a\" data-element_type=\"widget\" data-e-type=\"widget\" data-widget_type=\"blockquote.default\">\n\t\t\t\t<div class=\"elementor-widget-container\">\n\t\t\t\t\t\t\t<blockquote class=\"elementor-blockquote\">\n\t\t\t<p class=\"elementor-blockquote__content\">\n\t\t\t\tLa Asociaci\u00f3n de Franquicias de Catalu\u00f1a es miembro de la Junta Directiva de la Asociaci\u00f3n Espa\u00f1ola de Franquiciadores (AEF) y, a trav\u00e9s de \u00e9sta, est\u00e1 representada en la Federaci\u00f3n Europea de la Franquicia (EFF).\t\t\t<\/p>\n\t\t\t\t\t<\/blockquote>\n\t\t\t\t\t\t<\/div>\n\t\t\t\t<\/div>\n\t\t\t\t<div class=\"elementor-element elementor-element-56b068fa elementor-widget-divider--view-line elementor-widget elementor-widget-divider\" data-id=\"56b068fa\" data-element_type=\"widget\" data-e-type=\"widget\" data-widget_type=\"divider.default\">\n\t\t\t\t<div class=\"elementor-widget-container\">\n\t\t\t\t\t\t\t<div class=\"elementor-divider\">\n\t\t\t<span class=\"elementor-divider-separator\">\n\t\t\t\t\t\t<\/span>\n\t\t<\/div>\n\t\t\t\t\t\t<\/div>\n\t\t\t\t<\/div>\n\t\t\t\t<div class=\"elementor-element elementor-element-3e59d9c elementor-widget__width-initial elementor-absolute elementor-widget-tablet__width-initial elementor-widget-mobile__width-initial elementor-widget elementor-widget-spacer\" data-id=\"3e59d9c\" data-element_type=\"widget\" data-e-type=\"widget\" data-settings=\"{&quot;_position&quot;:&quot;absolute&quot;}\" data-widget_type=\"spacer.default\">\n\t\t\t\t<div class=\"elementor-widget-container\">\n\t\t\t\t\t\t\t<div class=\"elementor-spacer\">\n\t\t\t<div class=\"elementor-spacer-inner\"><\/div>\n\t\t<\/div>\n\t\t\t\t\t\t<\/div>\n\t\t\t\t<\/div>\n\t\t\t\t\t<\/div>\n\t\t<\/div>\n\t\t\t\t\t<\/div>\n\t\t<\/section>\n\t\t\t\t<section class=\"elementor-section elementor-top-section elementor-element elementor-element-5fc5f60f elementor-section-content-middle elementor-section-full_width elementor-section-height-default elementor-section-height-default\" data-id=\"5fc5f60f\" data-element_type=\"section\" data-e-type=\"section\" data-settings=\"{&quot;background_background&quot;:&quot;classic&quot;}\">\n\t\t\t\t\t\t\t<div class=\"elementor-background-overlay\"><\/div>\n\t\t\t\t\t\t\t<div class=\"elementor-container elementor-column-gap-no\">\n\t\t\t\t\t<div class=\"elementor-column elementor-col-100 elementor-top-column elementor-element elementor-element-2d9f7245\" data-id=\"2d9f7245\" data-element_type=\"column\" data-e-type=\"column\" data-settings=\"{&quot;background_background&quot;:&quot;classic&quot;}\">\n\t\t\t<div class=\"elementor-widget-wrap elementor-element-populated\">\n\t\t\t\t\t\t<div class=\"elementor-element elementor-element-6c5f8a57 elementor-widget elementor-widget-heading\" data-id=\"6c5f8a57\" data-element_type=\"widget\" data-e-type=\"widget\" data-widget_type=\"heading.default\">\n\t\t\t\t<div class=\"elementor-widget-container\">\n\t\t\t\t\t<h4 class=\"elementor-heading-title elementor-size-default\">Nuestros Socios <\/h4>\t\t\t\t<\/div>\n\t\t\t\t<\/div>\n\t\t\t\t<section class=\"elementor-section elementor-inner-section elementor-element elementor-element-51d7e41b elementor-section-content-middle elementor-section-boxed elementor-section-height-default elementor-section-height-default\" data-id=\"51d7e41b\" data-element_type=\"section\" data-e-type=\"section\">\n\t\t\t\t\t\t<div class=\"elementor-container elementor-column-gap-no\">\n\t\t\t\t\t<div class=\"elementor-column elementor-col-100 elementor-inner-column elementor-element elementor-element-6c496da3\" data-id=\"6c496da3\" data-element_type=\"column\" data-e-type=\"column\" data-settings=\"{&quot;background_background&quot;:&quot;classic&quot;}\">\n\t\t\t<div class=\"elementor-widget-wrap elementor-element-populated\">\n\t\t\t\t\t\t<div class=\"elementor-element elementor-element-68ecb19 elementor-skin-carousel elementor-widget elementor-widget-media-carousel\" data-id=\"68ecb19\" data-element_type=\"widget\" data-e-type=\"widget\" data-settings=\"{&quot;slides_per_view&quot;:&quot;6&quot;,&quot;space_between&quot;:{&quot;unit&quot;:&quot;px&quot;,&quot;size&quot;:0,&quot;sizes&quot;:[]},&quot;slides_to_scroll&quot;:&quot;2&quot;,&quot;speed&quot;:400,&quot;autoplay_speed&quot;:2000,&quot;skin&quot;:&quot;carousel&quot;,&quot;effect&quot;:&quot;slide&quot;,&quot;autoplay&quot;:&quot;yes&quot;,&quot;loop&quot;:&quot;yes&quot;,&quot;pause_on_interaction&quot;:&quot;yes&quot;,&quot;space_between_tablet&quot;:{&quot;unit&quot;:&quot;px&quot;,&quot;size&quot;:10,&quot;sizes&quot;:[]},&quot;space_between_mobile&quot;:{&quot;unit&quot;:&quot;px&quot;,&quot;size&quot;:10,&quot;sizes&quot;:[]}}\" data-widget_type=\"media-carousel.default\">\n\t\t\t\t<div class=\"elementor-widget-container\">\n\t\t\t\t\t\t\t\t\t<div class=\"elementor-swiper\">\n\t\t\t\t\t<div class=\"elementor-main-swiper swiper\" role=\"region\" aria-roledescription=\"carousel\" aria-label=\"Diapositives\">\n\t\t\t\t<div class=\"swiper-wrapper\">\n\t\t\t\t\t\t\t\t\t\t\t<div class=\"swiper-slide\" role=\"group\" aria-roledescription=\"slide\">\n\t\t\t\t\t\t\t\t\t<div class=\"elementor-carousel-image\" role=\"img\" aria-label=\"ATR-logo-marron-fondo-transp\" style=\"background-image: url(&#039;https:\/\/www.franquiciescat.org\/wp-content\/uploads\/2023\/06\/ATR-logo-marron-fondo-transp.png&#039;)\">\n\n\t\t\t\n\t\t\t\t\t<\/div>\n\t\t\t\t\t\t\t\t<\/div>\n\t\t\t\t\t\t\t\t\t\t\t<div class=\"swiper-slide\" role=\"group\" aria-roledescription=\"slide\">\n\t\t\t\t\t\t\t\t\t<div class=\"elementor-carousel-image\" role=\"img\" aria-label=\"Anytime-Fitness-logo\" style=\"background-image: url(&#039;https:\/\/www.franquiciescat.org\/wp-content\/uploads\/2023\/06\/Anytime-Fitness-logo.png&#039;)\">\n\n\t\t\t\n\t\t\t\t\t<\/div>\n\t\t\t\t\t\t\t\t<\/div>\n\t\t\t\t\t\t\t\t\t\t\t<div class=\"swiper-slide\" role=\"group\" aria-roledescription=\"slide\">\n\t\t\t\t\t\t\t\t\t<div class=\"elementor-carousel-image\" role=\"img\" aria-label=\"autonetoil logo\" style=\"background-image: url(&#039;https:\/\/www.franquiciescat.org\/wp-content\/uploads\/2023\/06\/autonetoil-logo.png&#039;)\">\n\n\t\t\t\n\t\t\t\t\t<\/div>\n\t\t\t\t\t\t\t\t<\/div>\n\t\t\t\t\t\t\t\t\t\t\t<div class=\"swiper-slide\" role=\"group\" aria-roledescription=\"slide\">\n\t\t\t\t\t\t\t\t\t<div class=\"elementor-carousel-image\" role=\"img\" aria-label=\"banc sabadell logo\" style=\"background-image: url(&#039;https:\/\/www.franquiciescat.org\/wp-content\/uploads\/2023\/06\/banc-sabadell-logo.png&#039;)\">\n\n\t\t\t\n\t\t\t\t\t<\/div>\n\t\t\t\t\t\t\t\t<\/div>\n\t\t\t\t\t\t\t\t\t\t\t<div class=\"swiper-slide\" role=\"group\" aria-roledescription=\"slide\">\n\t\t\t\t\t\t\t\t\t<div class=\"elementor-carousel-image\" role=\"img\" aria-label=\"bbva logo\" style=\"background-image: url(&#039;https:\/\/www.franquiciescat.org\/wp-content\/uploads\/2023\/06\/bbva-logo.png&#039;)\">\n\n\t\t\t\n\t\t\t\t\t<\/div>\n\t\t\t\t\t\t\t\t<\/div>\n\t\t\t\t\t\t\t\t\t\t\t<div class=\"swiper-slide\" role=\"group\" aria-roledescription=\"slide\">\n\t\t\t\t\t\t\t\t\t<div class=\"elementor-carousel-image\" role=\"img\" aria-label=\"bufete gajo fortuny logo\" style=\"background-image: url(&#039;https:\/\/www.franquiciescat.org\/wp-content\/uploads\/2023\/06\/bufete-gajo-fortuny-logo.jpg&#039;)\">\n\n\t\t\t\n\t\t\t\t\t<\/div>\n\t\t\t\t\t\t\t\t<\/div>\n\t\t\t\t\t\t\t\t\t\t\t<div class=\"swiper-slide\" role=\"group\" aria-roledescription=\"slide\">\n\t\t\t\t\t\t\t\t\t<div class=\"elementor-carousel-image\" role=\"img\" aria-label=\"calton\" style=\"background-image: url(&#039;https:\/\/www.franquiciescat.org\/wp-content\/uploads\/2023\/09\/calton.png&#039;)\">\n\n\t\t\t\n\t\t\t\t\t<\/div>\n\t\t\t\t\t\t\t\t<\/div>\n\t\t\t\t\t\t\t\t\t\t\t<div class=\"swiper-slide\" role=\"group\" aria-roledescription=\"slide\">\n\t\t\t\t\t\t\t\t\t<div class=\"elementor-carousel-image\" role=\"img\" aria-label=\"century21 logo\" style=\"background-image: url(&#039;https:\/\/www.franquiciescat.org\/wp-content\/uploads\/2023\/06\/century21-logo.png&#039;)\">\n\n\t\t\t\n\t\t\t\t\t<\/div>\n\t\t\t\t\t\t\t\t<\/div>\n\t\t\t\t\t\t\t\t\t\t\t<div class=\"swiper-slide\" role=\"group\" aria-roledescription=\"slide\">\n\t\t\t\t\t\t\t\t\t<div class=\"elementor-carousel-image\" role=\"img\" aria-label=\"descargakids&amp;us logo\" style=\"background-image: url(&#039;https:\/\/www.franquiciescat.org\/wp-content\/uploads\/2023\/06\/descargakidsus-logo.png&#039;)\">\n\n\t\t\t\n\t\t\t\t\t<\/div>\n\t\t\t\t\t\t\t\t<\/div>\n\t\t\t\t\t\t\t\t\t\t\t<div class=\"swiper-slide\" role=\"group\" aria-roledescription=\"slide\">\n\t\t\t\t\t\t\t\t\t<div class=\"elementor-carousel-image\" role=\"img\" aria-label=\"Don-piso-logo\" style=\"background-image: url(&#039;https:\/\/www.franquiciescat.org\/wp-content\/uploads\/2023\/06\/Don-piso-logo.png&#039;)\">\n\n\t\t\t\n\t\t\t\t\t<\/div>\n\t\t\t\t\t\t\t\t<\/div>\n\t\t\t\t\t\t\t\t\t\t\t<div class=\"swiper-slide\" role=\"group\" aria-roledescription=\"slide\">\n\t\t\t\t\t\t\t\t\t<div class=\"elementor-carousel-image\" role=\"img\" aria-label=\"elefante azul logo\" style=\"background-image: url(&#039;https:\/\/www.franquiciescat.org\/wp-content\/uploads\/2023\/06\/elefante-azul-logo.png&#039;)\">\n\n\t\t\t\n\t\t\t\t\t<\/div>\n\t\t\t\t\t\t\t\t<\/div>\n\t\t\t\t\t\t\t\t\t\t\t<div class=\"swiper-slide\" role=\"group\" aria-roledescription=\"slide\">\n\t\t\t\t\t\t\t\t\t<div class=\"elementor-carousel-image\" role=\"img\" aria-label=\"equivalenza logo\" style=\"background-image: url(&#039;https:\/\/www.franquiciescat.org\/wp-content\/uploads\/2023\/06\/equivalenza-logo.jpg&#039;)\">\n\n\t\t\t\n\t\t\t\t\t<\/div>\n\t\t\t\t\t\t\t\t<\/div>\n\t\t\t\t\t\t\t\t\t\t\t<div class=\"swiper-slide\" role=\"group\" aria-roledescription=\"slide\">\n\t\t\t\t\t\t\t\t\t<div class=\"elementor-carousel-image\" role=\"img\" aria-label=\"fieldfisher logo\" style=\"background-image: url(&#039;https:\/\/www.franquiciescat.org\/wp-content\/uploads\/2023\/06\/fieldfisher-logo.png&#039;)\">\n\n\t\t\t\n\t\t\t\t\t<\/div>\n\t\t\t\t\t\t\t\t<\/div>\n\t\t\t\t\t\t\t\t\t\t\t<div class=\"swiper-slide\" role=\"group\" aria-roledescription=\"slide\">\n\t\t\t\t\t\t\t\t\t<div class=\"elementor-carousel-image\" role=\"img\" aria-label=\"general o\u0300ptica logo\" style=\"background-image: url(&#039;https:\/\/www.franquiciescat.org\/wp-content\/uploads\/2023\/06\/general-optica-logo.webp&#039;)\">\n\n\t\t\t\n\t\t\t\t\t<\/div>\n\t\t\t\t\t\t\t\t<\/div>\n\t\t\t\t\t\t\t\t\t\t\t<div class=\"swiper-slide\" role=\"group\" aria-roledescription=\"slide\">\n\t\t\t\t\t\t\t\t\t<div class=\"elementor-carousel-image\" role=\"img\" aria-label=\"Homebox logo\" style=\"background-image: url(&#039;https:\/\/www.franquiciescat.org\/wp-content\/uploads\/2023\/06\/Homebox-logo.png&#039;)\">\n\n\t\t\t\n\t\t\t\t\t<\/div>\n\t\t\t\t\t\t\t\t<\/div>\n\t\t\t\t\t\t\t\t\t\t\t<div class=\"swiper-slide\" role=\"group\" aria-roledescription=\"slide\">\n\t\t\t\t\t\t\t\t\t<div class=\"elementor-carousel-image\" role=\"img\" aria-label=\"jean-louis-david-logo-vector\" style=\"background-image: url(&#039;https:\/\/www.franquiciescat.org\/wp-content\/uploads\/2023\/06\/jean-louis-david-logo-vector.png&#039;)\">\n\n\t\t\t\n\t\t\t\t\t<\/div>\n\t\t\t\t\t\t\t\t<\/div>\n\t\t\t\t\t\t\t\t\t\t\t<div class=\"swiper-slide\" role=\"group\" aria-roledescription=\"slide\">\n\t\t\t\t\t\t\t\t\t<div class=\"elementor-carousel-image\" role=\"img\" aria-label=\"llongueras logo\" style=\"background-image: url(&#039;https:\/\/www.franquiciescat.org\/wp-content\/uploads\/2023\/06\/llongueras-logo.jpg&#039;)\">\n\n\t\t\t\n\t\t\t\t\t<\/div>\n\t\t\t\t\t\t\t\t<\/div>\n\t\t\t\t\t\t\t\t\t\t\t<div class=\"swiper-slide\" role=\"group\" aria-roledescription=\"slide\">\n\t\t\t\t\t\t\t\t\t<div class=\"elementor-carousel-image\" role=\"img\" aria-label=\"Logo-garrigues\" style=\"background-image: url(&#039;https:\/\/www.franquiciescat.org\/wp-content\/uploads\/2023\/06\/Logo-garrigues.jpg&#039;)\">\n\n\t\t\t\n\t\t\t\t\t<\/div>\n\t\t\t\t\t\t\t\t<\/div>\n\t\t\t\t\t\t\t\t\t\t\t<div class=\"swiper-slide\" role=\"group\" aria-roledescription=\"slide\">\n\t\t\t\t\t\t\t\t\t<div class=\"elementor-carousel-image\" role=\"img\" aria-label=\"mail boxes logo\" style=\"background-image: url(&#039;https:\/\/www.franquiciescat.org\/wp-content\/uploads\/2023\/06\/mail-boxes-logo.png&#039;)\">\n\n\t\t\t\n\t\t\t\t\t<\/div>\n\t\t\t\t\t\t\t\t<\/div>\n\t\t\t\t\t\t\t\t\t\t\t<div class=\"swiper-slide\" role=\"group\" aria-roledescription=\"slide\">\n\t\t\t\t\t\t\t\t\t<div class=\"elementor-carousel-image\" role=\"img\" aria-label=\"muy mucho logo\" style=\"background-image: url(&#039;https:\/\/www.franquiciescat.org\/wp-content\/uploads\/2023\/06\/muy-mucho-logo.png&#039;)\">\n\n\t\t\t\n\t\t\t\t\t<\/div>\n\t\t\t\t\t\t\t\t<\/div>\n\t\t\t\t\t\t\t\t\t\t\t<div class=\"swiper-slide\" role=\"group\" aria-roledescription=\"slide\">\n\t\t\t\t\t\t\t\t\t<div class=\"elementor-carousel-image\" role=\"img\" aria-label=\"nacex logo\" style=\"background-image: url(&#039;https:\/\/www.franquiciescat.org\/wp-content\/uploads\/2023\/06\/nacex-logo.png&#039;)\">\n\n\t\t\t\n\t\t\t\t\t<\/div>\n\t\t\t\t\t\t\t\t<\/div>\n\t\t\t\t\t\t\t\t\t\t\t<div class=\"swiper-slide\" role=\"group\" aria-roledescription=\"slide\">\n\t\t\t\t\t\t\t\t\t<div class=\"elementor-carousel-image\" role=\"img\" aria-label=\"pans&amp;company logo\" style=\"background-image: url(&#039;https:\/\/www.franquiciescat.org\/wp-content\/uploads\/2023\/06\/panscompany-logo.png&#039;)\">\n\n\t\t\t\n\t\t\t\t\t<\/div>\n\t\t\t\t\t\t\t\t<\/div>\n\t\t\t\t\t\t\t\t\t\t\t<div class=\"swiper-slide\" role=\"group\" aria-roledescription=\"slide\">\n\t\t\t\t\t\t\t\t\t<div class=\"elementor-carousel-image\" role=\"img\" aria-label=\"ribs logo\" style=\"background-image: url(&#039;https:\/\/www.franquiciescat.org\/wp-content\/uploads\/2023\/06\/ribs-logo.png&#039;)\">\n\n\t\t\t\n\t\t\t\t\t<\/div>\n\t\t\t\t\t\t\t\t<\/div>\n\t\t\t\t\t\t\t\t\t\t\t<div class=\"swiper-slide\" role=\"group\" aria-roledescription=\"slide\">\n\t\t\t\t\t\t\t\t\t<div class=\"elementor-carousel-image\" role=\"img\" aria-label=\"Santa_Maria_Logo\" style=\"background-image: url(&#039;https:\/\/www.franquiciescat.org\/wp-content\/uploads\/2023\/06\/Santa_Maria_Logo.png&#039;)\">\n\n\t\t\t\n\t\t\t\t\t<\/div>\n\t\t\t\t\t\t\t\t<\/div>\n\t\t\t\t\t\t\t\t\t\t\t<div class=\"swiper-slide\" role=\"group\" aria-roledescription=\"slide\">\n\t\t\t\t\t\t\t\t\t<div class=\"elementor-carousel-image\" role=\"img\" aria-label=\"t4 franquicias logo\" style=\"background-image: url(&#039;https:\/\/www.franquiciescat.org\/wp-content\/uploads\/2023\/06\/t4-franquicias-logo.png&#039;)\">\n\n\t\t\t\n\t\t\t\t\t<\/div>\n\t\t\t\t\t\t\t\t<\/div>\n\t\t\t\t\t\t\t\t\t\t\t<div class=\"swiper-slide\" role=\"group\" aria-roledescription=\"slide\">\n\t\t\t\t\t\t\t\t\t<div class=\"elementor-carousel-image\" role=\"img\" aria-label=\"tabernnus logo\" style=\"background-image: url(&#039;https:\/\/www.franquiciescat.org\/wp-content\/uploads\/2023\/06\/tabernnus-logo.png&#039;)\">\n\n\t\t\t\n\t\t\t\t\t<\/div>\n\t\t\t\t\t\t\t\t<\/div>\n\t\t\t\t\t\t\t\t\t\t\t<div class=\"swiper-slide\" role=\"group\" aria-roledescription=\"slide\">\n\t\t\t\t\t\t\t\t\t<div class=\"elementor-carousel-image\" role=\"img\" aria-label=\"tea-shop-logo-design-suitable-for-your-business-logo-free-vector\" style=\"background-image: url(&#039;https:\/\/www.franquiciescat.org\/wp-content\/uploads\/2023\/06\/tea-shop-logo-design-suitable-for-your-business-logo-free-vector.jpg&#039;)\">\n\n\t\t\t\n\t\t\t\t\t<\/div>\n\t\t\t\t\t\t\t\t<\/div>\n\t\t\t\t\t\t\t\t\t\t\t<div class=\"swiper-slide\" role=\"group\" aria-roledescription=\"slide\">\n\t\t\t\t\t\t\t\t\t<div class=\"elementor-carousel-image\" role=\"img\" aria-label=\"logoUdon\" style=\"background-image: url(&#039;https:\/\/www.franquiciescat.org\/wp-content\/uploads\/2023\/10\/logoUdon.png&#039;)\">\n\n\t\t\t\n\t\t\t\t\t<\/div>\n\t\t\t\t\t\t\t\t<\/div>\n\t\t\t\t\t\t\t\t\t\t\t<div class=\"swiper-slide\" role=\"group\" aria-roledescription=\"slide\">\n\t\t\t\t\t\t\t\t\t<div class=\"elementor-carousel-image\" role=\"img\" aria-label=\"download\" style=\"background-image: url(&#039;https:\/\/www.franquiciescat.org\/wp-content\/uploads\/2023\/09\/download.png&#039;)\">\n\n\t\t\t\n\t\t\t\t\t<\/div>\n\t\t\t\t\t\t\t\t<\/div>\n\t\t\t\t\t\t\t\t\t\t\t<div class=\"swiper-slide\" role=\"group\" aria-roledescription=\"slide\">\n\t\t\t\t\t\t\t\t\t<div class=\"elementor-carousel-image\" role=\"img\" aria-label=\"Imagen 1\" style=\"background-image: url(&#039;https:\/\/www.franquiciescat.org\/wp-content\/uploads\/2023\/09\/Imagen-1-1.png&#039;)\">\n\n\t\t\t\n\t\t\t\t\t<\/div>\n\t\t\t\t\t\t\t\t<\/div>\n\t\t\t\t\t\t\t\t\t<\/div>\n\t\t\t\t\t\t\t\t\t\t\t\t\t\t\t\t\t\t\t\t\t<\/div>\n\t\t\t\t<\/div>\n\t\t\t\t\t\t\t\t<\/div>\n\t\t\t\t<\/div>\n\t\t\t\t\t<\/div>\n\t\t<\/div>\n\t\t\t\t\t<\/div>\n\t\t<\/section>\n\t\t\t\t\t<\/div>\n\t\t<\/div>\n\t\t\t\t\t<\/div>\n\t\t<\/section>\n\t\t\t\t<\/div>\n\t\t","protected":false},"excerpt":{"rendered":"<p>La Asociaci\u00f3n de Franquicias de Catalu\u00f1a es la entidad profesional que agrupa y da servicios a los franquiciadores, a los franquiciados y a los emprendedores interesados en el sistema de franquicias en todo el territorio catal\u00e1n. Notas de Sociedad \u00abRequiem por un gigante\u00bb Subvenciones 2023Convocatorias abiertas Servicios Servicios de la asociaci\u00f3n Adem\u00e1s de la defensa [&hellip;]<\/p>\n","protected":false},"author":1,"featured_media":2626,"parent":0,"menu_order":0,"comment_status":"closed","ping_status":"closed","template":"elementor_header_footer","meta":{"footnotes":""},"class_list":["post-3038","page","type-page","status-publish","has-post-thumbnail","hentry"],"yoast_head":"<!-- This site is optimized with the Yoast SEO plugin v26.9 - https:\/\/yoast.com\/product\/yoast-seo-wordpress\/ -->\n<title>Associaci\u00f3n de Franquicias de Catalunya<\/title>\n<meta name=\"description\" content=\"En la Asociaci\u00f3n de Franquicias de Catalu\u00f1a damos servicios a los franquiciadores, franquiciados y emprendedores de todo el territorio catal\u00e1n.\" \/>\n<meta name=\"robots\" content=\"index, follow, max-snippet:-1, max-image-preview:large, max-video-preview:-1\" \/>\n<link rel=\"canonical\" href=\"https:\/\/www.franquiciescat.org\/\" \/>\n<meta property=\"og:locale\" content=\"es_ES\" \/>\n<meta property=\"og:type\" content=\"article\" \/>\n<meta property=\"og:title\" content=\"Associaci\u00f3n de Franquicias de Catalunya\" \/>\n<meta property=\"og:description\" content=\"En la Asociaci\u00f3n de Franquicias de Catalu\u00f1a damos servicios a los franquiciadores, franquiciados y emprendedores de todo el territorio catal\u00e1n.\" \/>\n<meta property=\"og:url\" content=\"https:\/\/www.franquiciescat.org\/\" \/>\n<meta property=\"og:site_name\" content=\"Asociaci\u00f3n de Franqu\u00edcias de Catalunya\" \/>\n<meta property=\"article:modified_time\" content=\"2025-07-15T07:43:52+00:00\" \/>\n<meta property=\"og:image\" content=\"https:\/\/www.franquiciescat.org\/wp-content\/uploads\/2023\/06\/inicio-afc-scaled.webp\" \/>\n\t<meta property=\"og:image:width\" content=\"2560\" \/>\n\t<meta property=\"og:image:height\" content=\"1343\" \/>\n\t<meta property=\"og:image:type\" content=\"image\/webp\" \/>\n<meta name=\"twitter:card\" content=\"summary_large_image\" \/>\n<meta name=\"twitter:label1\" content=\"Tiempo de lectura\" \/>\n\t<meta name=\"twitter:data1\" content=\"7 minutos\" \/>\n<script type=\"application\/ld+json\" class=\"yoast-schema-graph\">{\"@context\":\"https:\/\/schema.org\",\"@graph\":[{\"@type\":\"WebPage\",\"@id\":\"https:\/\/www.franquiciescat.org\/\",\"url\":\"https:\/\/www.franquiciescat.org\/\",\"name\":\"Associaci\u00f3n de Franquicias de Catalunya\",\"isPartOf\":{\"@id\":\"https:\/\/www.franquiciescat.org\/#website\"},\"primaryImageOfPage\":{\"@id\":\"https:\/\/www.franquiciescat.org\/#primaryimage\"},\"image\":{\"@id\":\"https:\/\/www.franquiciescat.org\/#primaryimage\"},\"thumbnailUrl\":\"https:\/\/www.franquiciescat.org\/wp-content\/uploads\/2023\/06\/inicio-afc-scaled.webp\",\"datePublished\":\"2023-05-09T16:47:06+00:00\",\"dateModified\":\"2025-07-15T07:43:52+00:00\",\"description\":\"En la Asociaci\u00f3n de Franquicias de Catalu\u00f1a damos servicios a los franquiciadores, franquiciados y emprendedores de todo el territorio catal\u00e1n.\",\"breadcrumb\":{\"@id\":\"https:\/\/www.franquiciescat.org\/#breadcrumb\"},\"inLanguage\":\"es\",\"potentialAction\":[{\"@type\":\"ReadAction\",\"target\":[\"https:\/\/www.franquiciescat.org\/\"]}]},{\"@type\":\"ImageObject\",\"inLanguage\":\"es\",\"@id\":\"https:\/\/www.franquiciescat.org\/#primaryimage\",\"url\":\"https:\/\/www.franquiciescat.org\/wp-content\/uploads\/2023\/06\/inicio-afc-scaled.webp\",\"contentUrl\":\"https:\/\/www.franquiciescat.org\/wp-content\/uploads\/2023\/06\/inicio-afc-scaled.webp\",\"width\":2560,\"height\":1343,\"caption\":\"Associaci\u00f3 de Franqu\u00edcies de Catalunya\"},{\"@type\":\"BreadcrumbList\",\"@id\":\"https:\/\/www.franquiciescat.org\/#breadcrumb\",\"itemListElement\":[{\"@type\":\"ListItem\",\"position\":1,\"name\":\"Inici\",\"item\":\"https:\/\/www.franquiciescat.org\/\"},{\"@type\":\"ListItem\",\"position\":2,\"name\":\"Home\"}]},{\"@type\":\"WebSite\",\"@id\":\"https:\/\/www.franquiciescat.org\/#website\",\"url\":\"https:\/\/www.franquiciescat.org\/\",\"name\":\"Associaci\u00f3 de Franqu\u00edcies de Catalunya\",\"description\":\"Asociaci\u00f3n de Franqu\u00edcias de Catalunya\",\"publisher\":{\"@id\":\"https:\/\/www.franquiciescat.org\/#organization\"},\"potentialAction\":[{\"@type\":\"SearchAction\",\"target\":{\"@type\":\"EntryPoint\",\"urlTemplate\":\"https:\/\/www.franquiciescat.org\/?s={search_term_string}\"},\"query-input\":{\"@type\":\"PropertyValueSpecification\",\"valueRequired\":true,\"valueName\":\"search_term_string\"}}],\"inLanguage\":\"es\"},{\"@type\":\"Organization\",\"@id\":\"https:\/\/www.franquiciescat.org\/#organization\",\"name\":\"Associaci\u00f3 de Franqu\u00edcies de Catalunya\",\"url\":\"https:\/\/www.franquiciescat.org\/\",\"logo\":{\"@type\":\"ImageObject\",\"inLanguage\":\"es\",\"@id\":\"https:\/\/www.franquiciescat.org\/#\/schema\/logo\/image\/\",\"url\":\"https:\/\/www.franquiciescat.org\/wp-content\/uploads\/2023\/05\/logo-afc.png\",\"contentUrl\":\"https:\/\/www.franquiciescat.org\/wp-content\/uploads\/2023\/05\/logo-afc.png\",\"width\":640,\"height\":171,\"caption\":\"Associaci\u00f3 de Franqu\u00edcies de Catalunya\"},\"image\":{\"@id\":\"https:\/\/www.franquiciescat.org\/#\/schema\/logo\/image\/\"}}]}<\/script>\n<!-- \/ Yoast SEO plugin. -->","yoast_head_json":{"title":"Associaci\u00f3n de Franquicias de Catalunya","description":"En la Asociaci\u00f3n de Franquicias de Catalu\u00f1a damos servicios a los franquiciadores, franquiciados y emprendedores de todo el territorio catal\u00e1n.","robots":{"index":"index","follow":"follow","max-snippet":"max-snippet:-1","max-image-preview":"max-image-preview:large","max-video-preview":"max-video-preview:-1"},"canonical":"https:\/\/www.franquiciescat.org\/","og_locale":"es_ES","og_type":"article","og_title":"Associaci\u00f3n de Franquicias de Catalunya","og_description":"En la Asociaci\u00f3n de Franquicias de Catalu\u00f1a damos servicios a los franquiciadores, franquiciados y emprendedores de todo el territorio catal\u00e1n.","og_url":"https:\/\/www.franquiciescat.org\/","og_site_name":"Asociaci\u00f3n de Franqu\u00edcias de Catalunya","article_modified_time":"2025-07-15T07:43:52+00:00","og_image":[{"width":2560,"height":1343,"url":"https:\/\/www.franquiciescat.org\/wp-content\/uploads\/2023\/06\/inicio-afc-scaled.webp","type":"image\/webp"}],"twitter_card":"summary_large_image","twitter_misc":{"Tiempo de lectura":"7 minutos"},"schema":{"@context":"https:\/\/schema.org","@graph":[{"@type":"WebPage","@id":"https:\/\/www.franquiciescat.org\/","url":"https:\/\/www.franquiciescat.org\/","name":"Associaci\u00f3n de Franquicias de Catalunya","isPartOf":{"@id":"https:\/\/www.franquiciescat.org\/#website"},"primaryImageOfPage":{"@id":"https:\/\/www.franquiciescat.org\/#primaryimage"},"image":{"@id":"https:\/\/www.franquiciescat.org\/#primaryimage"},"thumbnailUrl":"https:\/\/www.franquiciescat.org\/wp-content\/uploads\/2023\/06\/inicio-afc-scaled.webp","datePublished":"2023-05-09T16:47:06+00:00","dateModified":"2025-07-15T07:43:52+00:00","description":"En la Asociaci\u00f3n de Franquicias de Catalu\u00f1a damos servicios a los franquiciadores, franquiciados y emprendedores de todo el territorio catal\u00e1n.","breadcrumb":{"@id":"https:\/\/www.franquiciescat.org\/#breadcrumb"},"inLanguage":"es","potentialAction":[{"@type":"ReadAction","target":["https:\/\/www.franquiciescat.org\/"]}]},{"@type":"ImageObject","inLanguage":"es","@id":"https:\/\/www.franquiciescat.org\/#primaryimage","url":"https:\/\/www.franquiciescat.org\/wp-content\/uploads\/2023\/06\/inicio-afc-scaled.webp","contentUrl":"https:\/\/www.franquiciescat.org\/wp-content\/uploads\/2023\/06\/inicio-afc-scaled.webp","width":2560,"height":1343,"caption":"Associaci\u00f3 de Franqu\u00edcies de Catalunya"},{"@type":"BreadcrumbList","@id":"https:\/\/www.franquiciescat.org\/#breadcrumb","itemListElement":[{"@type":"ListItem","position":1,"name":"Inici","item":"https:\/\/www.franquiciescat.org\/"},{"@type":"ListItem","position":2,"name":"Home"}]},{"@type":"WebSite","@id":"https:\/\/www.franquiciescat.org\/#website","url":"https:\/\/www.franquiciescat.org\/","name":"Associaci\u00f3 de Franqu\u00edcies de Catalunya","description":"Asociaci\u00f3n de Franqu\u00edcias de Catalunya","publisher":{"@id":"https:\/\/www.franquiciescat.org\/#organization"},"potentialAction":[{"@type":"SearchAction","target":{"@type":"EntryPoint","urlTemplate":"https:\/\/www.franquiciescat.org\/?s={search_term_string}"},"query-input":{"@type":"PropertyValueSpecification","valueRequired":true,"valueName":"search_term_string"}}],"inLanguage":"es"},{"@type":"Organization","@id":"https:\/\/www.franquiciescat.org\/#organization","name":"Associaci\u00f3 de Franqu\u00edcies de Catalunya","url":"https:\/\/www.franquiciescat.org\/","logo":{"@type":"ImageObject","inLanguage":"es","@id":"https:\/\/www.franquiciescat.org\/#\/schema\/logo\/image\/","url":"https:\/\/www.franquiciescat.org\/wp-content\/uploads\/2023\/05\/logo-afc.png","contentUrl":"https:\/\/www.franquiciescat.org\/wp-content\/uploads\/2023\/05\/logo-afc.png","width":640,"height":171,"caption":"Associaci\u00f3 de Franqu\u00edcies de Catalunya"},"image":{"@id":"https:\/\/www.franquiciescat.org\/#\/schema\/logo\/image\/"}}]}},"_links":{"self":[{"href":"https:\/\/www.franquiciescat.org\/es\/wp-json\/wp\/v2\/pages\/3038","targetHints":{"allow":["GET"]}}],"collection":[{"href":"https:\/\/www.franquiciescat.org\/es\/wp-json\/wp\/v2\/pages"}],"about":[{"href":"https:\/\/www.franquiciescat.org\/es\/wp-json\/wp\/v2\/types\/page"}],"author":[{"embeddable":true,"href":"https:\/\/www.franquiciescat.org\/es\/wp-json\/wp\/v2\/users\/1"}],"replies":[{"embeddable":true,"href":"https:\/\/www.franquiciescat.org\/es\/wp-json\/wp\/v2\/comments?post=3038"}],"version-history":[{"count":157,"href":"https:\/\/www.franquiciescat.org\/es\/wp-json\/wp\/v2\/pages\/3038\/revisions"}],"predecessor-version":[{"id":4491,"href":"https:\/\/www.franquiciescat.org\/es\/wp-json\/wp\/v2\/pages\/3038\/revisions\/4491"}],"wp:featuredmedia":[{"embeddable":true,"href":"https:\/\/www.franquiciescat.org\/es\/wp-json\/wp\/v2\/media\/2626"}],"wp:attachment":[{"href":"https:\/\/www.franquiciescat.org\/es\/wp-json\/wp\/v2\/media?parent=3038"}],"curies":[{"name":"wp","href":"https:\/\/api.w.org\/{rel}","templated":true}]}}